{"id":754,"date":"2019-12-26T22:02:52","date_gmt":"2019-12-26T22:02:52","guid":{"rendered":"https:\/\/dermatologolaser.com\/doctor-page\/"},"modified":"2020-03-30T18:04:33","modified_gmt":"2020-03-30T18:04:33","slug":"doctor-page","status":"publish","type":"page","link":"https:\/\/dermatologolaser.com\/en\/","title":{"rendered":"Inici"},"content":{"rendered":"<div class=\"wpb-content-wrapper\"><p>[vc_row css=&#8221;.vc_custom_1580206462774{background-position: 0 0 !important;background-repeat: no-repeat !important;}&#8221;][vc_column parallax=&#8221;content-moving-fade&#8221; parallax_image=&#8221;404&#8243; parallax_speed_bg=&#8221;1&#8243; css=&#8221;.vc_custom_1580212756558{padding-top: 100px !important;padding-bottom: 100px !important;}&#8221; offset=&#8221;vc_col-xs-12 vc_hidden-xs&#8221;][vc_row_inner][vc_column_inner][vc_empty_space height=&#8221;70px&#8221;][\/vc_column_inner][\/vc_row_inner][vc_row_inner][vc_column_inner width=&#8221;1\/2&#8243;][\/vc_column_inner][vc_column_inner width=&#8221;1\/2&#8243;][vc_custom_heading text=&#8221;DERMATOLOGICAL LASER SPECIALIST<br \/>\nIN BARCELONA AND ANDORRA&#8221; font_container=&#8221;tag:h1|font_size:30|text_align:left|color:%230389a0|line_height:2&#8243; use_theme_fonts=&#8221;yes&#8221; rs_decor_place=&#8221;2&#8243;][\/vc_custom_heading][\/vc_column_inner][\/vc_row_inner][vc_row_inner][vc_column_inner][vc_empty_space height=&#8221;120px&#8221;][\/vc_column_inner][\/vc_row_inner][\/vc_column][\/vc_row][vc_row css=&#8221;.vc_custom_1580206462774{background-position: 0 0 !important;background-repeat: no-repeat !important;}&#8221;][vc_column offset=&#8221;vc_hidden-lg vc_hidden-md vc_hidden-sm vc_col-xs-12&#8243;][vc_single_image image=&#8221;503&#8243; img_size=&#8221;full&#8221; alignment=&#8221;center&#8221;][\/vc_single_image][vc_row_inner][vc_column_inner][vc_empty_space height=&#8221;15px&#8221;][vc_custom_heading text=&#8221;DERMATOLOGICAL LASER SPECIALIST IN BARCELONA AND ANDORRA&#8221; font_container=&#8221;tag:h2|font_size:20|text_align:center|color:%230389a0|line_height:2&#8243; use_theme_fonts=&#8221;yes&#8221; rs_decor_place=&#8221;2&#8243;][\/vc_custom_heading][\/vc_column_inner][\/vc_row_inner][vc_row_inner][vc_column_inner][vc_empty_space height=&#8221;10px&#8221;][\/vc_column_inner][\/vc_row_inner][\/vc_column][\/vc_row][vc_row css=&#8221;.vc_custom_1580205791083{margin-right: 50px !important;margin-left: 50px !important;padding-top: 20px !important;padding-bottom: 20px !important;}&#8221;][vc_column width=&#8221;1\/2&#8243; offset=&#8221;vc_hidden-xs&#8221;][vc_column_text]<\/p>\n<div class=\"doctor-info mb-4\">\n<div class=\"doctor-info-name\">\n<h5><span lang=\"CA\">Welcome to my web portal!<br \/>\n<\/span><span style=\"color: #49b0c1;\">DR. ALBERT BRUGU\u00c9S DAV\u00cd<\/span><\/h5>\n<\/div>\n<\/div>\n<p>I am a dermatologist specializing in laser treatments. Trained at Barcelona Hospital Clinic. I am currently a dermatologist at the Teknon Medical Centre in <strong>Barcelona<\/strong> and at the Dermandtek Clinic in <strong>Andorra<\/strong>.<\/p>\n<p>I would like to show you how we can treat a wide variety of dermatological conditions, such as scars, acne scars,\u00a0<a href=\"https:\/\/dermatologolaser.com\/en\/treatments\/photorejuvenation\/\"><strong>sun spots<\/strong><\/a>\u00a0and age spots, or even\u00a0<a href=\"https:\/\/dermatologolaser.com\/en\/treatments\/laser-vascular\/\"><strong>rosacea<\/strong><\/a>\u00a0and\u00a0<a href=\"https:\/\/dermatologolaser.com\/en\/treatments\/laser-vascular\/\"><strong>couperosis<\/strong><\/a>.<\/p>\n<p>We also have treatments for stretch marks and for removing veins and leg varicose veins as well as treatments for eliminating seborrheic <a href=\"https:\/\/dermatologolaser.com\/en\/treatments\/berrugues-quistes\/\"><strong>warts<\/strong><\/a>, skin <a href=\"https:\/\/dermatologolaser.com\/en\/treatments\/berrugues-quistes\/\"><strong>cysts<\/strong><\/a> and <a href=\"https:\/\/dermatologolaser.com\/en\/treatments\/berrugues-quistes\/\"><strong>nevi<\/strong><\/a> (moles).<\/p>\n<p>I hope you enjoy my portal.[\/vc_column_text][vc_empty_space height=&#8221;20&#8243;][\/vc_column][vc_column width=&#8221;1\/2&#8243; offset=&#8221;vc_hidden-xs&#8221;][vc_row_inner css=&#8221;.vc_custom_1578433338896{margin-right: 50px !important;}&#8221;][vc_column_inner][vc_empty_space height=&#8221;20&#8243;][vc_single_image image=&#8221;406&#8243; img_size=&#8221;full&#8221; rsclass=&#8221;clean&#8221; el_class=&#8221;doctor-page-photo text-center tt_pt_3&#8243; rs_image_class=&#8221;img-fluid&#8221;][\/vc_single_image][\/vc_column_inner][\/vc_row_inner][vc_empty_space height=&#8221;20&#8243;][\/vc_column][\/vc_row][vc_row css=&#8221;.vc_custom_1580214129298{padding-bottom: 20px !important;}&#8221;][vc_column width=&#8221;1\/2&#8243; offset=&#8221;vc_hidden-lg vc_hidden-md vc_hidden-sm&#8221;][vc_row_inner css=&#8221;.vc_custom_1578433338896{margin-right: 50px !important;}&#8221;][vc_column_inner][vc_single_image image=&#8221;406&#8243; img_size=&#8221;full&#8221; rsclass=&#8221;clean&#8221; el_class=&#8221;doctor-page-photo text-center tt_pt_3&#8243; rs_image_class=&#8221;img-fluid&#8221;][\/vc_single_image][\/vc_column_inner][\/vc_row_inner][vc_empty_space height=&#8221;20&#8243;][\/vc_column][vc_column width=&#8221;1\/2&#8243; offset=&#8221;vc_hidden-lg vc_hidden-md vc_hidden-sm&#8221;][vc_column_text]<\/p>\n<div class=\"doctor-info mb-4\">\n<div class=\"doctor-info-name\">\n<div class=\"doctor-info mb-4\">\n<div class=\"doctor-info-name\">\n<h5><span lang=\"CA\">Welcome to my web portal!<br \/>\n<\/span><span style=\"color: #49b0c1;\">DR. ALBERT BRUGU\u00c9S DAV\u00cd<\/span><\/h5>\n<\/div>\n<\/div>\n<p>I am a dermatologist specializing in laser treatments. Trained at Barcelona Hospital Clinic. I am currently a dermatologist at the Teknon Medical Centre in <strong>Barcelona<\/strong> and at the Dermandtek Clinic in <strong>Andorra<\/strong>.<\/p>\n<p>I would like to show you how we can treat a wide variety of dermatological conditions, such as scars, acne scars,\u00a0<a href=\"https:\/\/dermatologolaser.com\/en\/treatments\/photorejuvenation\/\"><strong>sun spots<\/strong><\/a>\u00a0and age spots, or even\u00a0<a href=\"https:\/\/dermatologolaser.com\/en\/treatments\/laser-vascular\/\"><strong>rosacea<\/strong><\/a>\u00a0and\u00a0<a href=\"https:\/\/dermatologolaser.com\/en\/treatments\/laser-vascular\/\"><strong>couperosis<\/strong><\/a>.<\/p>\n<p>We also have treatments for stretch marks and for removing veins and leg varicose veins as well as treatments for eliminating seborrheic <a href=\"https:\/\/dermatologolaser.com\/en\/treatments\/berrugues-quistes\/\"><strong>warts<\/strong><\/a>, skin <a href=\"https:\/\/dermatologolaser.com\/en\/treatments\/berrugues-quistes\/\"><strong>cysts<\/strong><\/a> and <a href=\"https:\/\/dermatologolaser.com\/en\/treatments\/berrugues-quistes\/\"><strong>nevi<\/strong><\/a> (moles).<\/p>\n<p>I hope you enjoy my portal.<\/p>\n<\/div>\n<\/div>\n<p>[\/vc_column_text][vc_empty_space height=&#8221;20&#8243;][\/vc_column][\/vc_row][vc_row][vc_column width=&#8221;1\/2&#8243;][theme_text_image_element tt_order=&#8221;1&#8243; tt_onclick=&#8221;1&#8243; tt_image_link=&#8221;https:\/\/dermatologolaser.com\/en\/treatments\/photorejuvenation\/&#8221; tt_image_title=&#8221;Photo-rejuvenation&#8221; image=&#8221;414&#8243;]<\/p>\n<h3>Photo-rejuvenation<\/h3>\n<p>Photo-rejuvenation is the solution for the well-known <strong>spots<\/strong> or <strong>lentigines<\/strong> that appear due to exposure to the sun or age.[\/theme_text_image_element][vc_empty_space height=&#8221;15px&#8221;][vc_btn title=&#8221;Discover more&#8221; style=&#8221;outline&#8221; shape=&#8221;square&#8221; color=&#8221;info&#8221; size=&#8221;lg&#8221; link=&#8221;url:https%3A%2F%2Fdermatologolaser.com%2Fen%2Ftreatments%2Fphotorejuvenation%2F|title:PHOTO-REJUVENATION||&#8221;][\/vc_column][vc_column width=&#8221;1\/2&#8243;][theme_text_image_element tt_order=&#8221;1&#8243; tt_onclick=&#8221;1&#8243; tt_image_link=&#8221;https:\/\/dermatologolaser.com\/en\/treatments\/laser-vascular\/&#8221; tt_image_title=&#8221;Vascular laser&#8221; image=&#8221;423&#8243;]<\/p>\n<h3>Vascular laser<\/h3>\n<p>Vascular laser provides immediately visible treatment of <strong>rosacea<\/strong>, skin blotches, diffuse facial redness, angiomas, telangiectasia, <strong>ruby spots<\/strong>\u00a0and leg veins.[\/theme_text_image_element][vc_empty_space height=&#8221;15px&#8221;][vc_btn title=&#8221;Discover more&#8221; style=&#8221;outline&#8221; shape=&#8221;square&#8221; color=&#8221;info&#8221; size=&#8221;lg&#8221; link=&#8221;url:https%3A%2F%2Fdermatologolaser.com%2Fen%2Ftreatments%2Flaser-vascular%2F|title:VASCULAR%20LASER||&#8221;][\/vc_column][\/vc_row][vc_row][vc_column][vc_empty_space height=&#8221;15&#8243;][\/vc_column][\/vc_row][vc_row][vc_column width=&#8221;1\/2&#8243;][theme_text_image_element tt_order=&#8221;1&#8243; tt_onclick=&#8221;1&#8243; tt_image_link=&#8221;https:\/\/dermatologolaser.com\/en\/treatments\/scars-marks\/&#8221; tt_image_title=&#8221;Scars, acne marks and stretch marks&#8221; image=&#8221;425&#8243;]<\/p>\n<h3>Scars, acne marks and stretch marks<\/h3>\n<p>These dermatological problems can be treated by using a beam of light to stimulate the creation of new <strong>collagen<\/strong> tissue.[\/theme_text_image_element][vc_empty_space height=&#8221;15px&#8221;][vc_btn title=&#8221;Discover more&#8221; style=&#8221;outline&#8221; shape=&#8221;square&#8221; color=&#8221;info&#8221; size=&#8221;lg&#8221; link=&#8221;url:https%3A%2F%2Fdermatologolaser.com%2Fen%2Ftreatments%2Fscars-marks%2F|title:SCARS%2C%20ACNE%20MARKS%20AND%20STRETCH%20MARKS||&#8221;][\/vc_column][vc_column width=&#8221;1\/2&#8243;][theme_text_image_element tt_order=&#8221;1&#8243; tt_onclick=&#8221;1&#8243; tt_image_link=&#8221;https:\/\/dermatologolaser.com\/en\/treatments\/resurfacing\/&#8221; tt_image_title=&#8221;Tractament 1&#8243; image=&#8221;439&#8243;]<\/p>\n<h3>Resurfacing<\/h3>\n<p>Laser resurfacing systems regenerate the skin surface and increase <strong>collagen<\/strong> production.[\/theme_text_image_element][vc_empty_space height=&#8221;15&#8243;][vc_btn title=&#8221;Discover more&#8221; style=&#8221;outline&#8221; shape=&#8221;square&#8221; color=&#8221;info&#8221; size=&#8221;lg&#8221; link=&#8221;url:https%3A%2F%2Fdermatologolaser.com%2Fen%2Ftreatments%2Fresurfacing%2F|title:RESURFACING||&#8221;][\/vc_column][\/vc_row][vc_row][vc_column][vc_empty_space height=&#8221;15&#8243;][vc_row_inner][vc_column_inner width=&#8221;1\/2&#8243;][theme_text_image_element tt_order=&#8221;1&#8243; tt_onclick=&#8221;1&#8243; tt_image_link=&#8221;https:\/\/dermatologolaser.com\/en\/treatments\/warts-cysts\/&#8221; tt_image_title=&#8221;Tractament 1&#8243; image=&#8221;444&#8243;]<\/p>\n<h3>Moles, warts and cysts<\/h3>\n<p>The CO2 laser can be used to remove <strong>moles, warts, and cysts<\/strong> quickly, minimizing the risk of scarring.[\/theme_text_image_element][vc_empty_space height=&#8221;15px&#8221;][vc_btn title=&#8221;Discover more&#8221; style=&#8221;outline&#8221; shape=&#8221;square&#8221; color=&#8221;info&#8221; size=&#8221;lg&#8221; link=&#8221;url:https%3A%2F%2Fdermatologolaser.com%2Fen%2Ftreatments%2Fwarts-cysts%2F|title:MOLES%2C%20WARTS%20AND%20CYSTS||&#8221;][\/vc_column_inner][vc_column_inner width=&#8221;1\/2&#8243;][\/vc_column_inner][\/vc_row_inner][\/vc_column][\/vc_row][vc_row css=&#8221;.vc_custom_1580164406895{background-color: #49b0c1 !important;}&#8221;][vc_column][vc_empty_space height=&#8221;15&#8243;][vc_btn title=&#8221;ASK FOR AN APPOINTMENT&#8221; style=&#8221;outline&#8221; shape=&#8221;square&#8221; color=&#8221;white&#8221; size=&#8221;lg&#8221; align=&#8221;center&#8221; link=&#8221;url:https%3A%2F%2Fdermatologolaser.com%2Fen%2Fcontact-dermatologist-laser%2F|title:CONTACT||&#8221;][vc_empty_space height=&#8221;15&#8243;][\/vc_column][\/vc_row]<\/p>\n<\/div>","protected":false},"excerpt":{"rendered":"<p>[vc_row css=&#8221;.vc_custom_1580206462774{background-position: 0 0 !important;background-repeat: no-repeat !important;}&#8221;][vc_column parallax=&#8221;content-moving-fade&#8221; parallax_image=&#8221;404&#8243; parallax_speed_bg=&#8221;1&#8243; css=&#8221;.vc_custom_1580212756558{padding-top: 100px !important;padding-bottom: 100px !important;}&#8221; offset=&#8221;vc_col-xs-12 vc_hidden-xs&#8221;][vc_row_inner][vc_column_inner][vc_empty_space height=&#8221;70px&#8221;][\/vc_column_inner][\/vc_row_inner][vc_row_inner][vc_column_inner width=&#8221;1\/2&#8243;][\/vc_column_inner][vc_column_inner width=&#8221;1\/2&#8243;][vc_custom_heading text=&#8221;DERMATOLOGICAL LASER SPECIALIST IN BARCELONA AND ANDORRA&#8221; font_container=&#8221;tag:h1|font_size:30|text_align:left|color:%230389a0|line_height:2&#8243; use_theme_fonts=&#8221;yes&#8221; rs_decor_place=&#8221;2&#8243;][\/vc_custom_heading][\/vc_column_inner][\/vc_row_inner][vc_row_inner][vc_column_inner][vc_empty_space height=&#8221;120px&#8221;][\/vc_column_inner][\/vc_row_inner][\/vc_column][\/vc_row][vc_row css=&#8221;.vc_custom_1580206462774{background-position: 0 0 !important;background-repeat: no-repeat !important;}&#8221;][vc_column offset=&#8221;vc_hidden-lg vc_hidden-md vc_hidden-sm vc_col-xs-12&#8243;][vc_single_image image=&#8221;503&#8243; img_size=&#8221;full&#8221; alignment=&#8221;center&#8221;][\/vc_single_image][vc_row_inner][vc_column_inner][vc_empty_space height=&#8221;15px&#8221;][vc_custom_heading text=&#8221;DERMATOLOGICAL LASER SPECIALIST IN BARCELONA AND ANDORRA&#8221; font_container=&#8221;tag:h2|font_size:20|text_align:center|color:%230389a0|line_height:2&#8243; use_theme_fonts=&#8221;yes&#8221; rs_decor_place=&#8221;2&#8243;][\/vc_custom_heading][\/vc_column_inner][\/vc_row_inner][vc_row_inner][vc_column_inner][vc_empty_space <\/p>\n<div class=\"btn-more-wrapper\"><a href=\"https:\/\/dermatologolaser.com\/en\/\" class=\"btn btn-sm btn-hover-fill\"><svg class=\"icon icon-right-arrow\" version=\"1.1\" xmlns=\"http:\/\/www.w3.org\/2000\/svg\" width=\"32\" height=\"32\" viewBox=\"0 0 32 32\"><path d=\"M21.548 5.088c-0.436-0.451-1.162-0.451-1.613 0-0.436 0.436-0.436 1.162 0 1.596l8.177 8.177h-26.984c-0.629 0.001-1.129 0.501-1.129 1.13s0.5 1.145 1.129 1.145h26.984l-8.177 8.162c-0.436 0.451-0.436 1.178 0 1.613 0.451 0.451 1.178 0.451 1.613 0l10.113-10.113c0.451-0.436 0.451-1.162 0-1.596l-10.113-10.114z\"><\/path><\/svg>Read More<span class=\"screen-reader-text\"> &#8220;Inici&#8221;<\/span><svg class=\"icon icon-right-arrow\" version=\"1.1\" xmlns=\"http:\/\/www.w3.org\/2000\/svg\" width=\"32\" height=\"32\" viewBox=\"0 0 32 32\"><path d=\"M21.548 5.088c-0.436-0.451-1.162-0.451-1.613 0-0.436 0.436-0.436 1.162 0 1.596l8.177 8.177h-26.984c-0.629 0.001-1.129 0.501-1.129 1.13s0.5 1.145 1.129 1.145h26.984l-8.177 8.162c-0.436 0.451-0.436 1.178 0 1.613 0.451 0.451 1.178 0.451 1.613 0l10.113-10.113c0.451-0.436 0.451-1.162 0-1.596l-10.113-10.114z\"><\/path><\/svg><\/a><\/div>\n","protected":false},"author":1,"featured_media":0,"parent":0,"menu_order":1,"comment_status":"closed","ping_status":"closed","template":"custompagett.php","meta":{"footnotes":""},"class_list":["post-754","page","type-page","status-publish","hentry"],"yoast_head":"<!-- This site is optimized with the Yoast SEO plugin v26.9 - https:\/\/yoast.com\/product\/yoast-seo-wordpress\/ -->\n<title>Dr. Albert Brugu\u00e9s. Dermatologist laser in Barcelona and Andorra<\/title>\n<meta name=\"description\" content=\"Dr. Albert Brugu\u00e9s. Dermatologist laser in Barcelona and Andorra. In Dermandtek and in Cl\u00ednica Teknon is where I work and you can ask for an appointment.\" \/>\n<meta name=\"robots\" content=\"index, follow, max-snippet:-1, max-image-preview:large, max-video-preview:-1\" \/>\n<link rel=\"canonical\" href=\"https:\/\/dermatologolaser.com\/en\/\" \/>\n<meta property=\"og:locale\" content=\"en_US\" \/>\n<meta property=\"og:type\" content=\"article\" \/>\n<meta property=\"og:title\" content=\"Dr. Albert Brugu\u00e9s. Dermatologist laser in Barcelona and Andorra\" \/>\n<meta property=\"og:description\" content=\"Dr. Albert Brugu\u00e9s. Dermatologist laser in Barcelona and Andorra. In Dermandtek and in Cl\u00ednica Teknon is where I work and you can ask for an appointment.\" \/>\n<meta property=\"og:url\" content=\"https:\/\/dermatologolaser.com\/en\/\" \/>\n<meta property=\"og:site_name\" content=\"Dr. Albert Brugu\u00e9s\" \/>\n<meta property=\"article:modified_time\" content=\"2020-03-30T18:04:33+00:00\" \/>\n<meta name=\"twitter:card\" content=\"summary_large_image\" \/>\n<meta name=\"twitter:label1\" content=\"Est. reading time\" \/>\n\t<meta name=\"twitter:data1\" content=\"6 minutes\" \/>\n<script type=\"application\/ld+json\" class=\"yoast-schema-graph\">{\"@context\":\"https:\/\/schema.org\",\"@graph\":[{\"@type\":\"WebPage\",\"@id\":\"https:\/\/dermatologolaser.com\/en\/\",\"url\":\"https:\/\/dermatologolaser.com\/en\/\",\"name\":\"Dr. Albert Brugu\u00e9s. Dermatologist laser in Barcelona and Andorra\",\"isPartOf\":{\"@id\":\"https:\/\/dermatologolaser.com\/#website\"},\"datePublished\":\"2019-12-26T22:02:52+00:00\",\"dateModified\":\"2020-03-30T18:04:33+00:00\",\"description\":\"Dr. Albert Brugu\u00e9s. Dermatologist laser in Barcelona and Andorra. In Dermandtek and in Cl\u00ednica Teknon is where I work and you can ask for an appointment.\",\"breadcrumb\":{\"@id\":\"https:\/\/dermatologolaser.com\/en\/#breadcrumb\"},\"inLanguage\":\"en-US\",\"potentialAction\":[{\"@type\":\"ReadAction\",\"target\":[\"https:\/\/dermatologolaser.com\/en\/\"]}]},{\"@type\":\"BreadcrumbList\",\"@id\":\"https:\/\/dermatologolaser.com\/en\/#breadcrumb\",\"itemListElement\":[{\"@type\":\"ListItem\",\"position\":1,\"name\":\"Inici\",\"item\":\"https:\/\/dermatologolaser.com\/en\/\"},{\"@type\":\"ListItem\",\"position\":2,\"name\":\"Inici\"}]},{\"@type\":\"WebSite\",\"@id\":\"https:\/\/dermatologolaser.com\/#website\",\"url\":\"https:\/\/dermatologolaser.com\/\",\"name\":\"Dr. Albert Brugu\u00e9s\",\"description\":\"Dermatologo en Barcelona y Andorra\",\"publisher\":{\"@id\":\"https:\/\/dermatologolaser.com\/#organization\"},\"potentialAction\":[{\"@type\":\"SearchAction\",\"target\":{\"@type\":\"EntryPoint\",\"urlTemplate\":\"https:\/\/dermatologolaser.com\/?s={search_term_string}\"},\"query-input\":{\"@type\":\"PropertyValueSpecification\",\"valueRequired\":true,\"valueName\":\"search_term_string\"}}],\"inLanguage\":\"en-US\"},{\"@type\":\"Organization\",\"@id\":\"https:\/\/dermatologolaser.com\/#organization\",\"name\":\"Dr. Albert Brugu\u00e9s\",\"url\":\"https:\/\/dermatologolaser.com\/\",\"logo\":{\"@type\":\"ImageObject\",\"inLanguage\":\"en-US\",\"@id\":\"https:\/\/dermatologolaser.com\/#\/schema\/logo\/image\/\",\"url\":\"https:\/\/dermatologolaser.com\/wp-content\/uploads\/2020\/01\/cropped-logo_blau-1.png\",\"contentUrl\":\"https:\/\/dermatologolaser.com\/wp-content\/uploads\/2020\/01\/cropped-logo_blau-1.png\",\"width\":1000,\"height\":250,\"caption\":\"Dr. Albert Brugu\u00e9s\"},\"image\":{\"@id\":\"https:\/\/dermatologolaser.com\/#\/schema\/logo\/image\/\"}}]}<\/script>\n<!-- \/ Yoast SEO plugin. -->","yoast_head_json":{"title":"Dr. Albert Brugu\u00e9s. Dermatologist laser in Barcelona and Andorra","description":"Dr. Albert Brugu\u00e9s. Dermatologist laser in Barcelona and Andorra. In Dermandtek and in Cl\u00ednica Teknon is where I work and you can ask for an appointment.","robots":{"index":"index","follow":"follow","max-snippet":"max-snippet:-1","max-image-preview":"max-image-preview:large","max-video-preview":"max-video-preview:-1"},"canonical":"https:\/\/dermatologolaser.com\/en\/","og_locale":"en_US","og_type":"article","og_title":"Dr. Albert Brugu\u00e9s. Dermatologist laser in Barcelona and Andorra","og_description":"Dr. Albert Brugu\u00e9s. Dermatologist laser in Barcelona and Andorra. In Dermandtek and in Cl\u00ednica Teknon is where I work and you can ask for an appointment.","og_url":"https:\/\/dermatologolaser.com\/en\/","og_site_name":"Dr. Albert Brugu\u00e9s","article_modified_time":"2020-03-30T18:04:33+00:00","twitter_card":"summary_large_image","twitter_misc":{"Est. reading time":"6 minutes"},"schema":{"@context":"https:\/\/schema.org","@graph":[{"@type":"WebPage","@id":"https:\/\/dermatologolaser.com\/en\/","url":"https:\/\/dermatologolaser.com\/en\/","name":"Dr. Albert Brugu\u00e9s. Dermatologist laser in Barcelona and Andorra","isPartOf":{"@id":"https:\/\/dermatologolaser.com\/#website"},"datePublished":"2019-12-26T22:02:52+00:00","dateModified":"2020-03-30T18:04:33+00:00","description":"Dr. Albert Brugu\u00e9s. Dermatologist laser in Barcelona and Andorra. In Dermandtek and in Cl\u00ednica Teknon is where I work and you can ask for an appointment.","breadcrumb":{"@id":"https:\/\/dermatologolaser.com\/en\/#breadcrumb"},"inLanguage":"en-US","potentialAction":[{"@type":"ReadAction","target":["https:\/\/dermatologolaser.com\/en\/"]}]},{"@type":"BreadcrumbList","@id":"https:\/\/dermatologolaser.com\/en\/#breadcrumb","itemListElement":[{"@type":"ListItem","position":1,"name":"Inici","item":"https:\/\/dermatologolaser.com\/en\/"},{"@type":"ListItem","position":2,"name":"Inici"}]},{"@type":"WebSite","@id":"https:\/\/dermatologolaser.com\/#website","url":"https:\/\/dermatologolaser.com\/","name":"Dr. Albert Brugu\u00e9s","description":"Dermatologo en Barcelona y Andorra","publisher":{"@id":"https:\/\/dermatologolaser.com\/#organization"},"potentialAction":[{"@type":"SearchAction","target":{"@type":"EntryPoint","urlTemplate":"https:\/\/dermatologolaser.com\/?s={search_term_string}"},"query-input":{"@type":"PropertyValueSpecification","valueRequired":true,"valueName":"search_term_string"}}],"inLanguage":"en-US"},{"@type":"Organization","@id":"https:\/\/dermatologolaser.com\/#organization","name":"Dr. Albert Brugu\u00e9s","url":"https:\/\/dermatologolaser.com\/","logo":{"@type":"ImageObject","inLanguage":"en-US","@id":"https:\/\/dermatologolaser.com\/#\/schema\/logo\/image\/","url":"https:\/\/dermatologolaser.com\/wp-content\/uploads\/2020\/01\/cropped-logo_blau-1.png","contentUrl":"https:\/\/dermatologolaser.com\/wp-content\/uploads\/2020\/01\/cropped-logo_blau-1.png","width":1000,"height":250,"caption":"Dr. Albert Brugu\u00e9s"},"image":{"@id":"https:\/\/dermatologolaser.com\/#\/schema\/logo\/image\/"}}]}},"_links":{"self":[{"href":"https:\/\/dermatologolaser.com\/en\/wp-json\/wp\/v2\/pages\/754","targetHints":{"allow":["GET"]}}],"collection":[{"href":"https:\/\/dermatologolaser.com\/en\/wp-json\/wp\/v2\/pages"}],"about":[{"href":"https:\/\/dermatologolaser.com\/en\/wp-json\/wp\/v2\/types\/page"}],"author":[{"embeddable":true,"href":"https:\/\/dermatologolaser.com\/en\/wp-json\/wp\/v2\/users\/1"}],"replies":[{"embeddable":true,"href":"https:\/\/dermatologolaser.com\/en\/wp-json\/wp\/v2\/comments?post=754"}],"version-history":[{"count":7,"href":"https:\/\/dermatologolaser.com\/en\/wp-json\/wp\/v2\/pages\/754\/revisions"}],"predecessor-version":[{"id":905,"href":"https:\/\/dermatologolaser.com\/en\/wp-json\/wp\/v2\/pages\/754\/revisions\/905"}],"wp:attachment":[{"href":"https:\/\/dermatologolaser.com\/en\/wp-json\/wp\/v2\/media?parent=754"}],"curies":[{"name":"wp","href":"https:\/\/api.w.org\/{rel}","templated":true}]}}