{"id":691,"date":"2019-12-26T22:02:52","date_gmt":"2019-12-26T22:02:52","guid":{"rendered":"https:\/\/dermatologolaser.com\/doctor-page\/"},"modified":"2020-03-20T17:08:21","modified_gmt":"2020-03-20T17:08:21","slug":"doctor-page","status":"publish","type":"page","link":"https:\/\/dermatologolaser.com\/es\/","title":{"rendered":"Inicio"},"content":{"rendered":"<div class=\"wpb-content-wrapper\"><p>[vc_row css=\u00bb.vc_custom_1580206462774{background-position: 0 0 !important;background-repeat: no-repeat !important;}\u00bb][vc_column parallax=\u00bbcontent-moving-fade\u00bb parallax_image=\u00bb404&#8243; parallax_speed_bg=\u00bb1&#8243; css=\u00bb.vc_custom_1580212756558{padding-top: 100px !important;padding-bottom: 100px !important;}\u00bb offset=\u00bbvc_col-xs-12 vc_hidden-xs\u00bb][vc_row_inner][vc_column_inner][vc_empty_space height=\u00bb70px\u00bb][\/vc_column_inner][\/vc_row_inner][vc_row_inner][vc_column_inner width=\u00bb1\/2&#8243;][\/vc_column_inner][vc_column_inner width=\u00bb1\/2&#8243;][vc_custom_heading text=\u00bbDERMAT\u00d3LOGO ESPECIALISTA EN L\u00c1SER<br \/>\nEN BARCELONA Y ANDORRA\u00bb font_container=\u00bbtag:h1|font_size:30|text_align:left|color:%230389a0|line_height:2&#8243; use_theme_fonts=\u00bbyes\u00bb rs_decor_place=\u00bb2&#8243;][\/vc_custom_heading][\/vc_column_inner][\/vc_row_inner][vc_row_inner][vc_column_inner][vc_empty_space height=\u00bb120px\u00bb][\/vc_column_inner][\/vc_row_inner][\/vc_column][\/vc_row][vc_row css=\u00bb.vc_custom_1580206462774{background-position: 0 0 !important;background-repeat: no-repeat !important;}\u00bb][vc_column offset=\u00bbvc_hidden-lg vc_hidden-md vc_hidden-sm vc_col-xs-12&#8243;][vc_single_image image=\u00bb503&#8243; img_size=\u00bbfull\u00bb alignment=\u00bbcenter\u00bb][\/vc_single_image][vc_row_inner][vc_column_inner][vc_empty_space height=\u00bb15px\u00bb][vc_custom_heading text=\u00bbDERMAT\u00d3LOGO ESPECIALISTA EN L\u00c1SER EN BARCELONA Y ANDORRA\u00bb font_container=\u00bbtag:h2|font_size:20|text_align:center|color:%230389a0|line_height:2&#8243; use_theme_fonts=\u00bbyes\u00bb rs_decor_place=\u00bb2&#8243;][\/vc_custom_heading][\/vc_column_inner][\/vc_row_inner][vc_row_inner][vc_column_inner][vc_empty_space height=\u00bb10px\u00bb][\/vc_column_inner][\/vc_row_inner][\/vc_column][\/vc_row][vc_row css=\u00bb.vc_custom_1580205791083{margin-right: 50px !important;margin-left: 50px !important;padding-top: 20px !important;padding-bottom: 20px !important;}\u00bb][vc_column width=\u00bb1\/2&#8243; offset=\u00bbvc_hidden-xs\u00bb][vc_column_text]<\/p>\n<div class=\"doctor-info mb-4\">\n<div class=\"doctor-info-name\">\n<h5><span lang=\"CA\">\u00a1BIENVENIDOS A MI PORTAL WEB!<br \/>\n<\/span><span style=\"color: #49b0c1;\">DR. ALBERT BRUGU\u00c9S DAV\u00cd<\/span><\/h5>\n<\/div>\n<\/div>\n<p><span lang=\"CA\">Soy dermat\u00f3logo especialista en tratamientos l\u00e1ser. Formado en el Hospital Cl\u00ednic de Barcelona. Actualmente realizo mi actividad asistencial en el Centro M\u00e9dico Teknon de <strong>Barcelona<\/strong> y en la cl\u00ednica Dermandtek, localizada en <strong>Andorra<\/strong>.<\/span><span lang=\"CA\">\u00a0<\/span><\/p>\n<p>Mi objetivo es mostrarte la mejora que podemos conseguir tratando una amplia variedad de condiciones dermatol\u00f3gicas tales como <a href=\"https:\/\/dermatologolaser.com\/es\/tratamientos\/cicatrius-acne-estries\/\"><strong>cicatrices<\/strong><\/a>\u00a0o\u00a0<strong><a href=\"https:\/\/dermatologolaser.com\/es\/tratamientos\/cicatrius-acne-estries\/\">marcas de acn\u00e9<\/a>, <\/strong><strong><a href=\"https:\/\/dermatologolaser.com\/es\/tratamientos\/fotorrejuvenecimiento\/\">manchas<\/a><\/strong> del sol y de la edad o incluso la <a href=\"https:\/\/dermatologolaser.com\/es\/tratamientos\/fotorrejuvenecimiento\/\"><strong>ros\u00e1cea<\/strong><\/a> y\u00a0la\u00a0<a href=\"https:\/\/dermatologolaser.com\/es\/tratamientos\/fotorrejuvenecimiento\/\"><strong>cuperosis<\/strong><\/a>.<\/p>\n<div><\/div>\n<div>\n<p><span lang=\"CA\">Tambi\u00e9n disponemos de tratamientos para atenuar las <strong>estr\u00edas<\/strong> y suprimir las <strong>venas<\/strong> y <a href=\"https:\/\/dermatologolaser.com\/es\/tratamientos\/laser-vascular\/\"><strong>varices<\/strong><\/a> localizadas en las piernas; incluso eliminar las <a href=\"https:\/\/dermatologolaser.com\/es\/tratamientos\/quitar-verrugas-quistes\/\"><strong>verrugas<\/strong><\/a> seborreicas, los <a href=\"https:\/\/dermatologolaser.com\/es\/tratamientos\/quitar-verrugas-quistes\/\"><strong>quistes<\/strong><\/a> cut\u00e1neos y los <a href=\"https:\/\/dermatologolaser.com\/es\/tratamientos\/quitar-verrugas-quistes\/\"><strong>nevus<\/strong><\/a> (pecas).\u00a0<\/span><\/p>\n<p><span lang=\"CA\">Deseo que te guste mi portal.<\/span><\/p>\n<\/div>\n<p>[\/vc_column_text][vc_empty_space height=\u00bb20&#8243;][\/vc_column][vc_column width=\u00bb1\/2&#8243; offset=\u00bbvc_hidden-xs\u00bb][vc_row_inner css=\u00bb.vc_custom_1578433338896{margin-right: 50px !important;}\u00bb][vc_column_inner][vc_empty_space height=\u00bb20&#8243;][vc_single_image image=\u00bb406&#8243; img_size=\u00bbfull\u00bb rsclass=\u00bbclean\u00bb el_class=\u00bbdoctor-page-photo text-center tt_pt_3&#8243; rs_image_class=\u00bbimg-fluid\u00bb][\/vc_single_image][\/vc_column_inner][\/vc_row_inner][vc_empty_space height=\u00bb20&#8243;][\/vc_column][\/vc_row][vc_row css=\u00bb.vc_custom_1580214129298{padding-bottom: 20px !important;}\u00bb][vc_column width=\u00bb1\/2&#8243; offset=\u00bbvc_hidden-lg vc_hidden-md vc_hidden-sm\u00bb][vc_row_inner css=\u00bb.vc_custom_1578433338896{margin-right: 50px !important;}\u00bb][vc_column_inner][vc_single_image image=\u00bb406&#8243; img_size=\u00bbfull\u00bb rsclass=\u00bbclean\u00bb el_class=\u00bbdoctor-page-photo text-center tt_pt_3&#8243; rs_image_class=\u00bbimg-fluid\u00bb][\/vc_single_image][\/vc_column_inner][\/vc_row_inner][vc_empty_space height=\u00bb20&#8243;][\/vc_column][vc_column width=\u00bb1\/2&#8243; offset=\u00bbvc_hidden-lg vc_hidden-md vc_hidden-sm\u00bb][vc_column_text]<\/p>\n<div class=\"doctor-info mb-4\">\n<div class=\"doctor-info-name\">\n<h5><span lang=\"CA\">\u00a1BIENVENIDOS A MI PORTAL WEB!<br \/>\n<\/span><span style=\"color: #49b0c1;\">DR. ALBERT BRUGU\u00c9S DAV\u00cd<\/span><\/h5>\n<\/div>\n<\/div>\n<p><span lang=\"CA\">Soy dermat\u00f3logo especialista en tratamientos l\u00e1ser. Formado en el Hospital Cl\u00ednic de Barcelona. Actualmente realizo mi actividad asistencial en el Centro M\u00e9dico Teknon de <strong>Barcelona<\/strong> y en la cl\u00ednica Dermandtek, localizada en <strong>Andorra<\/strong>.<\/span><span lang=\"CA\">\u00a0<\/span><\/p>\n<p>Mi objetivo es mostrarte la mejora que podemos conseguir tratando una amplia variedad de condiciones dermatol\u00f3gicas tales como <a href=\"https:\/\/dermatologolaser.com\/es\/tratamientos\/cicatrius-acne-estries\/\"><strong>cicatrices<\/strong><\/a>\u00a0o\u00a0<strong><a href=\"https:\/\/dermatologolaser.com\/es\/tratamientos\/cicatrius-acne-estries\/\">marcas de acn\u00e9<\/a>, <\/strong><strong><a href=\"https:\/\/dermatologolaser.com\/es\/tratamientos\/fotorrejuvenecimiento\/\">manchas<\/a><\/strong> del sol y de la edad o incluso la <a href=\"https:\/\/dermatologolaser.com\/es\/tratamientos\/fotorrejuvenecimiento\/\"><strong>ros\u00e1cea<\/strong><\/a> y\u00a0la\u00a0<a href=\"https:\/\/dermatologolaser.com\/es\/tratamientos\/fotorrejuvenecimiento\/\"><strong>cuperosis<\/strong><\/a>.<\/p>\n<div><\/div>\n<div>\n<p><span lang=\"CA\">Tambi\u00e9n disponemos de tratamientos para atenuar las <strong>estr\u00edas<\/strong> y suprimir las <strong>venas<\/strong> y <a href=\"https:\/\/dermatologolaser.com\/es\/tratamientos\/laser-vascular\/\"><strong>varices<\/strong><\/a> localizadas en las piernas; incluso eliminar las <a href=\"https:\/\/dermatologolaser.com\/es\/tratamientos\/quitar-verrugas-quistes\/\"><strong>verrugas<\/strong><\/a> seborreicas, los <a href=\"https:\/\/dermatologolaser.com\/es\/tratamientos\/quitar-verrugas-quistes\/\"><strong>quistes<\/strong><\/a> cut\u00e1neos y los <a href=\"https:\/\/dermatologolaser.com\/es\/tratamientos\/quitar-verrugas-quistes\/\"><strong>nevus<\/strong><\/a> (pecas).\u00a0<\/span><\/p>\n<p><span lang=\"CA\">Deseo que te guste mi portal.<\/span><\/p>\n<\/div>\n<p>[\/vc_column_text][vc_empty_space height=\u00bb20&#8243;][\/vc_column][\/vc_row][vc_row][vc_column width=\u00bb1\/2&#8243;][theme_text_image_element tt_order=\u00bb1&#8243; tt_onclick=\u00bb1&#8243; tt_image_link=\u00bbhttps:\/\/dermatologolaser.com\/es\/tratamientos\/fotorrejuvenecimiento\/\u00bb tt_image_title=\u00bbFotorejuvenecimiento\u00bb image=\u00bb414&#8243;]<\/p>\n<h3>Fotorrejuvenecimiento<\/h3>\n<p><span lang=\"ES-TRAD\">El fotorrejuvenecimiento soluciona las conocidas <strong>manchas<\/strong> o\u00a0<strong>lentigos <\/strong>que aparecen a causa del sol o la edad.\u00a0<\/span>[\/theme_text_image_element][vc_empty_space height=\u00bb15px\u00bb][vc_btn title=\u00bbDescubrir m\u00e1s\u00bb style=\u00bboutline\u00bb shape=\u00bbsquare\u00bb color=\u00bbinfo\u00bb size=\u00bblg\u00bb link=\u00bburl:https%3A%2F%2Fdermatologolaser.com%2Fes%2Ftratamientos%2Ffotorrejuvenecimiento%2F|title:FOTORREJUVENECIMIENTO||\u00bb][\/vc_column][vc_column width=\u00bb1\/2&#8243;][theme_text_image_element tt_order=\u00bb1&#8243; tt_onclick=\u00bb1&#8243; tt_image_link=\u00bbhttps:\/\/dermatologolaser.com\/es\/tratamientos\/laser-vascular\/\u00bb tt_image_title=\u00bbL\u00e1ser vascular\u00bb image=\u00bb423&#8243;]<\/p>\n<h3>L\u00e1ser vascular<\/h3>\n<p>El l\u00e1ser vascular permite una visualizaci\u00f3n instant\u00e1nea de la respuesta al tratamiento de la <strong>ros\u00e1cea<\/strong>, cuperosis, enrojecimiento facial difuso, angiomas, telangiectasis, <strong>puntos rub\u00ed<\/strong> y venas en las piernas.[\/theme_text_image_element][vc_empty_space height=\u00bb15px\u00bb][vc_btn title=\u00bbDescubrir m\u00e1s\u00bb style=\u00bboutline\u00bb shape=\u00bbsquare\u00bb color=\u00bbinfo\u00bb size=\u00bblg\u00bb link=\u00bburl:https%3A%2F%2Fdermatologolaser.com%2Fes%2Ftratamientos%2Flaser-vascular%2F|title:L%C3%81SER%20VASCULAR||\u00bb][\/vc_column][\/vc_row][vc_row][vc_column][vc_empty_space height=\u00bb15&#8243;][\/vc_column][\/vc_row][vc_row][vc_column width=\u00bb1\/2&#8243;][theme_text_image_element tt_order=\u00bb1&#8243; tt_onclick=\u00bb1&#8243; tt_image_link=\u00bbhttps:\/\/dermatologolaser.com\/es\/tratamientos\/cicatrius-acne-estries\/\u00bb tt_image_title=\u00bbCicatrices, marcas de acn\u00e9 y estrias\u00bb image=\u00bb425&#8243;]<\/p>\n<h3>Cicatrices, marcas de acn\u00e9 y estr\u00edas<\/h3>\n<p>Estos problemas dermatol\u00f3gicos pueden ser tratados mediante un haz de luz con el que se consigue impulsar la creaci\u00f3n de nuevo tejido <strong>col\u00e1geno<\/strong>.[\/theme_text_image_element][vc_empty_space height=\u00bb15px\u00bb][vc_btn title=\u00bbDescubrir m\u00e1s\u00bb style=\u00bboutline\u00bb shape=\u00bbsquare\u00bb color=\u00bbinfo\u00bb size=\u00bblg\u00bb link=\u00bburl:https%3A%2F%2Fdermatologolaser.com%2Fes%2Ftratamientos%2Fcicatrius-acne-estries%2F|title:CICATRICES%2C%20MARCAS%20DE%20ACN%C3%89%20Y%20ESTR%C3%8DAS||\u00bb][\/vc_column][vc_column width=\u00bb1\/2&#8243;][theme_text_image_element tt_order=\u00bb1&#8243; tt_onclick=\u00bb1&#8243; tt_image_link=\u00bbhttps:\/\/dermatologolaser.com\/es\/tratamientos\/resurfacing\/\u00bb tt_image_title=\u00bbResurfacing\u00bb image=\u00bb439&#8243;]<\/p>\n<h3><em>Resurfacing<\/em><\/h3>\n<p>Los sistemas l\u00e1ser de <em>resurfacing<\/em> regeneran la superficie cut\u00e1nea y aumentan la producci\u00f3n propia de <strong>col\u00e1geno<\/strong>.[\/theme_text_image_element][vc_empty_space height=\u00bb15&#8243;][vc_btn title=\u00bbDescubrir m\u00e1s\u00bb style=\u00bboutline\u00bb shape=\u00bbsquare\u00bb color=\u00bbinfo\u00bb size=\u00bblg\u00bb link=\u00bburl:https%3A%2F%2Fdermatologolaser.com%2Fes%2Ftratamientos%2Fresurfacing%2F|title:RESURFACING||\u00bb][\/vc_column][\/vc_row][vc_row][vc_column][vc_empty_space height=\u00bb15&#8243;][vc_row_inner][vc_column_inner width=\u00bb1\/2&#8243;][theme_text_image_element tt_order=\u00bb1&#8243; tt_onclick=\u00bb1&#8243; tt_image_link=\u00bbhttps:\/\/dermatologolaser.com\/es\/tratamientos\/quitar-verrugas-quistes\/\u00bb tt_image_title=\u00bbNevus, verrugas y quistes\u00bb image=\u00bb444&#8243;]<\/p>\n<h3>Nevus, verrugas y quistes<\/h3>\n<p><span lang=\"CA\">El l\u00e1ser de CO2 permite la eliminaci\u00f3n de <strong>pecas, verrugas y quistes<\/strong> de manera r\u00e1pida y minimiza el riesgo de cicatriz<\/span><span lang=\"ES-TRAD\">.<\/span>[\/theme_text_image_element][vc_empty_space height=\u00bb15px\u00bb][vc_btn title=\u00bbDescubrir m\u00e1s\u00bb style=\u00bboutline\u00bb shape=\u00bbsquare\u00bb color=\u00bbinfo\u00bb size=\u00bblg\u00bb link=\u00bburl:https%3A%2F%2Fdermatologolaser.com%2Fes%2Ftratamientos%2Fquitar-verrugas-quistes%2F|title:NEVUS%2C%20VERRUGAS%20Y%20QUISTES||\u00bb][\/vc_column_inner][vc_column_inner width=\u00bb1\/2&#8243;][\/vc_column_inner][\/vc_row_inner][\/vc_column][\/vc_row][vc_row css=\u00bb.vc_custom_1580164406895{background-color: #49b0c1 !important;}\u00bb][vc_column][vc_empty_space height=\u00bb15&#8243;][vc_btn title=\u00bbPIDE CITA\u00bb style=\u00bboutline\u00bb shape=\u00bbsquare\u00bb color=\u00bbwhite\u00bb size=\u00bblg\u00bb align=\u00bbcenter\u00bb link=\u00bburl:https%3A%2F%2Fdermatologolaser.com%2Fes%2Fcontacto-dermatologo-laser%2F|title:CONTACTO||\u00bb][vc_empty_space height=\u00bb15&#8243;][\/vc_column][\/vc_row]<\/p>\n<\/div>","protected":false},"excerpt":{"rendered":"<p>[vc_row css=\u00bb.vc_custom_1580206462774{background-position: 0 0 !important;background-repeat: no-repeat !important;}\u00bb][vc_column parallax=\u00bbcontent-moving-fade\u00bb parallax_image=\u00bb404&#8243; parallax_speed_bg=\u00bb1&#8243; css=\u00bb.vc_custom_1580212756558{padding-top: 100px !important;padding-bottom: 100px !important;}\u00bb offset=\u00bbvc_col-xs-12 vc_hidden-xs\u00bb][vc_row_inner][vc_column_inner][vc_empty_space height=\u00bb70px\u00bb][\/vc_column_inner][\/vc_row_inner][vc_row_inner][vc_column_inner width=\u00bb1\/2&#8243;][\/vc_column_inner][vc_column_inner width=\u00bb1\/2&#8243;][vc_custom_heading text=\u00bbDERMAT\u00d3LOGO ESPECIALISTA EN L\u00c1SER EN BARCELONA Y ANDORRA\u00bb font_container=\u00bbtag:h1|font_size:30|text_align:left|color:%230389a0|line_height:2&#8243; use_theme_fonts=\u00bbyes\u00bb rs_decor_place=\u00bb2&#8243;][\/vc_custom_heading][\/vc_column_inner][\/vc_row_inner][vc_row_inner][vc_column_inner][vc_empty_space height=\u00bb120px\u00bb][\/vc_column_inner][\/vc_row_inner][\/vc_column][\/vc_row][vc_row css=\u00bb.vc_custom_1580206462774{background-position: 0 0 !important;background-repeat: no-repeat !important;}\u00bb][vc_column offset=\u00bbvc_hidden-lg vc_hidden-md vc_hidden-sm vc_col-xs-12&#8243;][vc_single_image image=\u00bb503&#8243; img_size=\u00bbfull\u00bb alignment=\u00bbcenter\u00bb][\/vc_single_image][vc_row_inner][vc_column_inner][vc_empty_space height=\u00bb15px\u00bb][vc_custom_heading text=\u00bbDERMAT\u00d3LOGO ESPECIALISTA EN L\u00c1SER EN BARCELONA Y ANDORRA\u00bb font_container=\u00bbtag:h2|font_size:20|text_align:center|color:%230389a0|line_height:2&#8243; <\/p>\n<div class=\"btn-more-wrapper\"><a href=\"https:\/\/dermatologolaser.com\/es\/\" class=\"btn btn-sm btn-hover-fill\"><svg class=\"icon icon-right-arrow\" version=\"1.1\" xmlns=\"http:\/\/www.w3.org\/2000\/svg\" width=\"32\" height=\"32\" viewBox=\"0 0 32 32\"><path d=\"M21.548 5.088c-0.436-0.451-1.162-0.451-1.613 0-0.436 0.436-0.436 1.162 0 1.596l8.177 8.177h-26.984c-0.629 0.001-1.129 0.501-1.129 1.13s0.5 1.145 1.129 1.145h26.984l-8.177 8.162c-0.436 0.451-0.436 1.178 0 1.613 0.451 0.451 1.178 0.451 1.613 0l10.113-10.113c0.451-0.436 0.451-1.162 0-1.596l-10.113-10.114z\"><\/path><\/svg>Read More<span class=\"screen-reader-text\"> \u00abInicio\u00bb<\/span><svg class=\"icon icon-right-arrow\" version=\"1.1\" xmlns=\"http:\/\/www.w3.org\/2000\/svg\" width=\"32\" height=\"32\" viewBox=\"0 0 32 32\"><path d=\"M21.548 5.088c-0.436-0.451-1.162-0.451-1.613 0-0.436 0.436-0.436 1.162 0 1.596l8.177 8.177h-26.984c-0.629 0.001-1.129 0.501-1.129 1.13s0.5 1.145 1.129 1.145h26.984l-8.177 8.162c-0.436 0.451-0.436 1.178 0 1.613 0.451 0.451 1.178 0.451 1.613 0l10.113-10.113c0.451-0.436 0.451-1.162 0-1.596l-10.113-10.114z\"><\/path><\/svg><\/a><\/div>\n","protected":false},"author":1,"featured_media":0,"parent":0,"menu_order":1,"comment_status":"closed","ping_status":"closed","template":"custompagett.php","meta":{"footnotes":""},"class_list":["post-691","page","type-page","status-publish","hentry"],"yoast_head":"<!-- This site is optimized with the Yoast SEO plugin v26.9 - https:\/\/yoast.com\/product\/yoast-seo-wordpress\/ -->\n<title>Dermat\u00f3logo especialista en l\u00e1ser en Barcelona y Andorra<\/title>\n<meta name=\"description\" content=\"Dermat\u00f3logo especialista en l\u00e1ser en Barcelona y Andorra. Dr. Albert Brugu\u00e9s formado en el Hospital Cl\u00ednic de Barcelona. Consulta en la Cl\u00ednica Teknon.\" \/>\n<meta name=\"robots\" content=\"index, follow, max-snippet:-1, max-image-preview:large, max-video-preview:-1\" \/>\n<link rel=\"canonical\" href=\"https:\/\/dermatologolaser.com\/\" \/>\n<meta property=\"og:locale\" content=\"es_ES\" \/>\n<meta property=\"og:type\" content=\"article\" \/>\n<meta property=\"og:title\" content=\"Dermat\u00f3logo especialista en l\u00e1ser en Barcelona y Andorra\" \/>\n<meta property=\"og:description\" content=\"Dermat\u00f3logo especialista en l\u00e1ser en Barcelona y Andorra. Dr. Albert Brugu\u00e9s formado en el Hospital Cl\u00ednic de Barcelona. Consulta en la Cl\u00ednica Teknon.\" \/>\n<meta property=\"og:url\" content=\"https:\/\/dermatologolaser.com\/\" \/>\n<meta property=\"og:site_name\" content=\"Dr. Albert Brugu\u00e9s\" \/>\n<meta property=\"article:modified_time\" content=\"2020-03-20T17:08:21+00:00\" \/>\n<meta name=\"twitter:card\" content=\"summary_large_image\" \/>\n<meta name=\"twitter:label1\" content=\"Tiempo de lectura\" \/>\n\t<meta name=\"twitter:data1\" content=\"6 minutos\" \/>\n<script type=\"application\/ld+json\" class=\"yoast-schema-graph\">{\"@context\":\"https:\/\/schema.org\",\"@graph\":[{\"@type\":\"WebPage\",\"@id\":\"https:\/\/dermatologolaser.com\/\",\"url\":\"https:\/\/dermatologolaser.com\/\",\"name\":\"Dermat\u00f3logo especialista en l\u00e1ser en Barcelona y Andorra\",\"isPartOf\":{\"@id\":\"https:\/\/dermatologolaser.com\/#website\"},\"datePublished\":\"2019-12-26T22:02:52+00:00\",\"dateModified\":\"2020-03-20T17:08:21+00:00\",\"description\":\"Dermat\u00f3logo especialista en l\u00e1ser en Barcelona y Andorra. Dr. Albert Brugu\u00e9s formado en el Hospital Cl\u00ednic de Barcelona. Consulta en la Cl\u00ednica Teknon.\",\"breadcrumb\":{\"@id\":\"https:\/\/dermatologolaser.com\/#breadcrumb\"},\"inLanguage\":\"es\",\"potentialAction\":[{\"@type\":\"ReadAction\",\"target\":[\"https:\/\/dermatologolaser.com\/\"]}]},{\"@type\":\"BreadcrumbList\",\"@id\":\"https:\/\/dermatologolaser.com\/#breadcrumb\",\"itemListElement\":[{\"@type\":\"ListItem\",\"position\":1,\"name\":\"Inici\",\"item\":\"https:\/\/dermatologolaser.com\/\"},{\"@type\":\"ListItem\",\"position\":2,\"name\":\"Inicio\"}]},{\"@type\":\"WebSite\",\"@id\":\"https:\/\/dermatologolaser.com\/#website\",\"url\":\"https:\/\/dermatologolaser.com\/\",\"name\":\"Dr. Albert Brugu\u00e9s\",\"description\":\"Dermatologo en Barcelona y Andorra\",\"publisher\":{\"@id\":\"https:\/\/dermatologolaser.com\/#organization\"},\"potentialAction\":[{\"@type\":\"SearchAction\",\"target\":{\"@type\":\"EntryPoint\",\"urlTemplate\":\"https:\/\/dermatologolaser.com\/?s={search_term_string}\"},\"query-input\":{\"@type\":\"PropertyValueSpecification\",\"valueRequired\":true,\"valueName\":\"search_term_string\"}}],\"inLanguage\":\"es\"},{\"@type\":\"Organization\",\"@id\":\"https:\/\/dermatologolaser.com\/#organization\",\"name\":\"Dr. Albert Brugu\u00e9s\",\"url\":\"https:\/\/dermatologolaser.com\/\",\"logo\":{\"@type\":\"ImageObject\",\"inLanguage\":\"es\",\"@id\":\"https:\/\/dermatologolaser.com\/#\/schema\/logo\/image\/\",\"url\":\"https:\/\/dermatologolaser.com\/wp-content\/uploads\/2020\/01\/cropped-logo_blau-1.png\",\"contentUrl\":\"https:\/\/dermatologolaser.com\/wp-content\/uploads\/2020\/01\/cropped-logo_blau-1.png\",\"width\":1000,\"height\":250,\"caption\":\"Dr. Albert Brugu\u00e9s\"},\"image\":{\"@id\":\"https:\/\/dermatologolaser.com\/#\/schema\/logo\/image\/\"}}]}<\/script>\n<!-- \/ Yoast SEO plugin. -->","yoast_head_json":{"title":"Dermat\u00f3logo especialista en l\u00e1ser en Barcelona y Andorra","description":"Dermat\u00f3logo especialista en l\u00e1ser en Barcelona y Andorra. Dr. Albert Brugu\u00e9s formado en el Hospital Cl\u00ednic de Barcelona. Consulta en la Cl\u00ednica Teknon.","robots":{"index":"index","follow":"follow","max-snippet":"max-snippet:-1","max-image-preview":"max-image-preview:large","max-video-preview":"max-video-preview:-1"},"canonical":"https:\/\/dermatologolaser.com\/","og_locale":"es_ES","og_type":"article","og_title":"Dermat\u00f3logo especialista en l\u00e1ser en Barcelona y Andorra","og_description":"Dermat\u00f3logo especialista en l\u00e1ser en Barcelona y Andorra. Dr. Albert Brugu\u00e9s formado en el Hospital Cl\u00ednic de Barcelona. Consulta en la Cl\u00ednica Teknon.","og_url":"https:\/\/dermatologolaser.com\/","og_site_name":"Dr. Albert Brugu\u00e9s","article_modified_time":"2020-03-20T17:08:21+00:00","twitter_card":"summary_large_image","twitter_misc":{"Tiempo de lectura":"6 minutos"},"schema":{"@context":"https:\/\/schema.org","@graph":[{"@type":"WebPage","@id":"https:\/\/dermatologolaser.com\/","url":"https:\/\/dermatologolaser.com\/","name":"Dermat\u00f3logo especialista en l\u00e1ser en Barcelona y Andorra","isPartOf":{"@id":"https:\/\/dermatologolaser.com\/#website"},"datePublished":"2019-12-26T22:02:52+00:00","dateModified":"2020-03-20T17:08:21+00:00","description":"Dermat\u00f3logo especialista en l\u00e1ser en Barcelona y Andorra. Dr. Albert Brugu\u00e9s formado en el Hospital Cl\u00ednic de Barcelona. Consulta en la Cl\u00ednica Teknon.","breadcrumb":{"@id":"https:\/\/dermatologolaser.com\/#breadcrumb"},"inLanguage":"es","potentialAction":[{"@type":"ReadAction","target":["https:\/\/dermatologolaser.com\/"]}]},{"@type":"BreadcrumbList","@id":"https:\/\/dermatologolaser.com\/#breadcrumb","itemListElement":[{"@type":"ListItem","position":1,"name":"Inici","item":"https:\/\/dermatologolaser.com\/"},{"@type":"ListItem","position":2,"name":"Inicio"}]},{"@type":"WebSite","@id":"https:\/\/dermatologolaser.com\/#website","url":"https:\/\/dermatologolaser.com\/","name":"Dr. Albert Brugu\u00e9s","description":"Dermatologo en Barcelona y Andorra","publisher":{"@id":"https:\/\/dermatologolaser.com\/#organization"},"potentialAction":[{"@type":"SearchAction","target":{"@type":"EntryPoint","urlTemplate":"https:\/\/dermatologolaser.com\/?s={search_term_string}"},"query-input":{"@type":"PropertyValueSpecification","valueRequired":true,"valueName":"search_term_string"}}],"inLanguage":"es"},{"@type":"Organization","@id":"https:\/\/dermatologolaser.com\/#organization","name":"Dr. Albert Brugu\u00e9s","url":"https:\/\/dermatologolaser.com\/","logo":{"@type":"ImageObject","inLanguage":"es","@id":"https:\/\/dermatologolaser.com\/#\/schema\/logo\/image\/","url":"https:\/\/dermatologolaser.com\/wp-content\/uploads\/2020\/01\/cropped-logo_blau-1.png","contentUrl":"https:\/\/dermatologolaser.com\/wp-content\/uploads\/2020\/01\/cropped-logo_blau-1.png","width":1000,"height":250,"caption":"Dr. Albert Brugu\u00e9s"},"image":{"@id":"https:\/\/dermatologolaser.com\/#\/schema\/logo\/image\/"}}]}},"_links":{"self":[{"href":"https:\/\/dermatologolaser.com\/es\/wp-json\/wp\/v2\/pages\/691","targetHints":{"allow":["GET"]}}],"collection":[{"href":"https:\/\/dermatologolaser.com\/es\/wp-json\/wp\/v2\/pages"}],"about":[{"href":"https:\/\/dermatologolaser.com\/es\/wp-json\/wp\/v2\/types\/page"}],"author":[{"embeddable":true,"href":"https:\/\/dermatologolaser.com\/es\/wp-json\/wp\/v2\/users\/1"}],"replies":[{"embeddable":true,"href":"https:\/\/dermatologolaser.com\/es\/wp-json\/wp\/v2\/comments?post=691"}],"version-history":[{"count":7,"href":"https:\/\/dermatologolaser.com\/es\/wp-json\/wp\/v2\/pages\/691\/revisions"}],"predecessor-version":[{"id":878,"href":"https:\/\/dermatologolaser.com\/es\/wp-json\/wp\/v2\/pages\/691\/revisions\/878"}],"wp:attachment":[{"href":"https:\/\/dermatologolaser.com\/es\/wp-json\/wp\/v2\/media?parent=691"}],"curies":[{"name":"wp","href":"https:\/\/api.w.org\/{rel}","templated":true}]}}