{"id":699,"date":"2019-12-26T22:02:51","date_gmt":"2019-12-26T22:02:51","guid":{"rendered":"https:\/\/dermatologolaser.com\/fotorejoveniment\/"},"modified":"2020-03-30T18:09:53","modified_gmt":"2020-03-30T18:09:53","slug":"fotorrejuvenecimiento","status":"publish","type":"page","link":"https:\/\/dermatologolaser.com\/es\/tratamientos\/fotorrejuvenecimiento\/","title":{"rendered":"FOTORREJUVENECIMIENTO"},"content":{"rendered":"<div class=\"wpb-content-wrapper\"><p>[vc_row rsclass=\u00bbclean\u00bb][vc_column rsclass=\u00bbclean\u00bb el_class=\u00bbcontainer\u00bb][vc_custom_heading text=\u00bb\u00bb font_container=\u00bbtag:p|text_align:left\u00bb use_theme_fonts=\u00bbyes\u00bb rs_decor_place=\u00bb1&#8243; rsouter=\u00bbtext-center mb-4 tt_pt_34&#8243;][\/vc_custom_heading][\/vc_column][\/vc_row][vc_row][vc_column width=\u00bb1\/6&#8243;][\/vc_column][vc_column width=\u00bb2\/3&#8243;][vc_column_text]<\/p>\n<h5><span lang=\"ES-TRAD\">El fotorrejuvenecimiento reduce las conocidas manchas o lentigos que aparecen a causa del sol o la edad.<\/span><\/h5>\n<p><span lang=\"CA\">Es un procedimiento id\u00f3neo para conseguir una piel con un aspecto m\u00e1s luminoso y fresco gracias a la\u00a0<b>eliminaci\u00f3n de las manchas <\/b>y de la pigmentaci\u00f3n irregular del rostro, escote y dorso de las manos. Nos permite lucir una piel uniforme sin necesidad de utilizar maquillaje.<\/span>[\/vc_column_text][vc_empty_space][\/vc_column][vc_column width=\u00bb1\/6&#8243;][\/vc_column][\/vc_row][vc_row][vc_column width=\u00bb1\/6&#8243;][\/vc_column][vc_column width=\u00bb2\/3&#8243;][vc_empty_space][vc_single_image image=\u00bb414&#8243; img_size=\u00bbfull\u00bb alignment=\u00bbcenter\u00bb][\/vc_single_image][vc_empty_space][\/vc_column][vc_column width=\u00bb1\/6&#8243;][\/vc_column][\/vc_row][vc_row content_placement=\u00bbmiddle\u00bb][vc_column width=\u00bb1\/6&#8243;][\/vc_column][vc_column width=\u00bb2\/3&#8243;][vc_empty_space][vc_column_text]<\/p>\n<h4>\u00bfEn qu\u00e9 consiste el tratamiento?<\/h4>\n<p><span lang=\"CA\">Este tipo de tratamiento se emplea con la plataforma <a href=\"https:\/\/dermatologolaser.com\/es\/laser-nordlys\/\"><strong><u>l\u00e1ser Nordlys<\/u><\/strong><\/a> y consiste en 2 o 3 sesiones de 30 minutos; las sesiones se llevar\u00e1n a cabo cada 30 d\u00edas.<\/span><\/p>\n<p><span lang=\"CA\">El tratamiento no requiere el uso de anestesia y <\/span><b><span lang=\"CA\">permite una reincorporaci\u00f3n inmediata a las tareas diarias habituales<\/span><\/b><span lang=\"CA\">. Justo despu\u00e9s del tratamiento se produce un oscurecimiento temporal de las manchas tratadas, por lo que se recomienda evitar actos sociales de importancia los 7 d\u00edas posteriores a su realizaci\u00f3n. Se puede utilizar maquillaje durante estos d\u00edas de recuperaci\u00f3n.<\/span>[\/vc_column_text][vc_empty_space][\/vc_column][vc_column width=\u00bb1\/6&#8243;][\/vc_column][\/vc_row][vc_row rsclass=\u00bbclean\u00bb][vc_column rsclass=\u00bbclean\u00bb el_class=\u00bbcontainer\u00bb][theme_gallery_popover_element gal_type=\u00bbtab_creative\u00bb show=\u00bb4&#8243; gal_gutter=\u00bb20&#8243; gal_images=\u00bb299,300,885,888&#8243; gal_images_popover=\u00bb302,301,852,891&#8243; gal_tabs_links=\u00bb1|2,3|4,5|6,7|8&#8243;][\/theme_gallery_popover_element][vc_row_inner][vc_column_inner][vc_empty_space][\/vc_column_inner][\/vc_row_inner][\/vc_column][\/vc_row][vc_section css=\u00bb.vc_custom_1577984689605{background-color: #49b0c1 !important;}\u00bb][vc_row][vc_column css=\u00bb.vc_custom_1577984724005{background-color: #49b0c1 !important;}\u00bb][vc_row_inner][vc_column_inner width=\u00bb1\/6&#8243;][\/vc_column_inner][vc_column_inner width=\u00bb2\/3&#8243;][vc_column_text rsclass=\u00bbclean\u00bb]<\/p>\n<h2 class=\"tt\"><span style=\"color: #ffffff;\">Quiero tratarme las manchas.<\/span><\/h2>\n<div class=\"h-decor\"><\/div>\n<p>[\/vc_column_text][vc_column_text]<span style=\"color: #ffffff;\">No dudes en contactar con una de las cl\u00ednicas en las que trabajo y pedir una cita.<\/span>[\/vc_column_text][vc_empty_space][vc_btn title=\u00bbCONTACTA\u00bb style=\u00bboutline\u00bb shape=\u00bbsquare\u00bb color=\u00bbwhite\u00bb size=\u00bblg\u00bb link=\u00bburl:https%3A%2F%2Fdermatologolaser.com%2Fes%2Fcontacto-dermatologo-laser%2F|title:Contacta||\u00bb][vc_empty_space][\/vc_column_inner][vc_column_inner width=\u00bb1\/6&#8243;][\/vc_column_inner][\/vc_row_inner][\/vc_column][\/vc_row][\/vc_section]<\/p>\n<\/div>","protected":false},"excerpt":{"rendered":"<p>[vc_row rsclass=\u00bbclean\u00bb][vc_column rsclass=\u00bbclean\u00bb el_class=\u00bbcontainer\u00bb][vc_custom_heading text=\u00bb\u00bb font_container=\u00bbtag:p|text_align:left\u00bb use_theme_fonts=\u00bbyes\u00bb rs_decor_place=\u00bb1&#8243; rsouter=\u00bbtext-center mb-4 tt_pt_34&#8243;][\/vc_custom_heading][\/vc_column][\/vc_row][vc_row][vc_column width=\u00bb1\/6&#8243;][\/vc_column][vc_column width=\u00bb2\/3&#8243;][vc_column_text] El fotorrejuvenecimiento reduce las conocidas manchas o lentigos que aparecen a causa del sol o la edad. Es un procedimiento id\u00f3neo para conseguir una piel con un aspecto m\u00e1s luminoso y fresco gracias a la\u00a0eliminaci\u00f3n de las manchas y de la pigmentaci\u00f3n <\/p>\n<div class=\"btn-more-wrapper\"><a href=\"https:\/\/dermatologolaser.com\/es\/tratamientos\/fotorrejuvenecimiento\/\" class=\"btn btn-sm btn-hover-fill\"><svg class=\"icon icon-right-arrow\" version=\"1.1\" xmlns=\"http:\/\/www.w3.org\/2000\/svg\" width=\"32\" height=\"32\" viewBox=\"0 0 32 32\"><path d=\"M21.548 5.088c-0.436-0.451-1.162-0.451-1.613 0-0.436 0.436-0.436 1.162 0 1.596l8.177 8.177h-26.984c-0.629 0.001-1.129 0.501-1.129 1.13s0.5 1.145 1.129 1.145h26.984l-8.177 8.162c-0.436 0.451-0.436 1.178 0 1.613 0.451 0.451 1.178 0.451 1.613 0l10.113-10.113c0.451-0.436 0.451-1.162 0-1.596l-10.113-10.114z\"><\/path><\/svg>Read More<span class=\"screen-reader-text\"> \u00abFOTORREJUVENECIMIENTO\u00bb<\/span><svg class=\"icon icon-right-arrow\" version=\"1.1\" xmlns=\"http:\/\/www.w3.org\/2000\/svg\" width=\"32\" height=\"32\" viewBox=\"0 0 32 32\"><path d=\"M21.548 5.088c-0.436-0.451-1.162-0.451-1.613 0-0.436 0.436-0.436 1.162 0 1.596l8.177 8.177h-26.984c-0.629 0.001-1.129 0.501-1.129 1.13s0.5 1.145 1.129 1.145h26.984l-8.177 8.162c-0.436 0.451-0.436 1.178 0 1.613 0.451 0.451 1.178 0.451 1.613 0l10.113-10.113c0.451-0.436 0.451-1.162 0-1.596l-10.113-10.114z\"><\/path><\/svg><\/a><\/div>\n","protected":false},"author":1,"featured_media":0,"parent":722,"menu_order":4,"comment_status":"closed","ping_status":"closed","template":"custompagett.php","meta":{"footnotes":""},"class_list":["post-699","page","type-page","status-publish","hentry"],"yoast_head":"<!-- This site is optimized with the Yoast SEO plugin v26.9 - https:\/\/yoast.com\/product\/yoast-seo-wordpress\/ -->\n<title>FOTORREJUVENECIMIENTO - Eliminar manchas en la piel Laser Nordlys<\/title>\n<meta name=\"description\" content=\"Fotorrejuvenecimiento - Eliminar manchas o lentigos en las piel causadas por el sol o la edad. Con el laser Nordlys de gran calidad en Barcelona o Andorra\" \/>\n<meta name=\"robots\" content=\"index, follow, max-snippet:-1, max-image-preview:large, max-video-preview:-1\" \/>\n<link rel=\"canonical\" href=\"https:\/\/dermatologolaser.com\/tractaments\/fotorejoveniment\/\" \/>\n<meta property=\"og:locale\" content=\"es_ES\" \/>\n<meta property=\"og:type\" content=\"article\" \/>\n<meta property=\"og:title\" content=\"FOTORREJUVENECIMIENTO - Eliminar manchas en la piel Laser Nordlys\" \/>\n<meta property=\"og:description\" content=\"Fotorrejuvenecimiento - Eliminar manchas o lentigos en las piel causadas por el sol o la edad. Con el laser Nordlys de gran calidad en Barcelona o Andorra\" \/>\n<meta property=\"og:url\" content=\"https:\/\/dermatologolaser.com\/tractaments\/fotorejoveniment\/\" \/>\n<meta property=\"og:site_name\" content=\"Dr. Albert Brugu\u00e9s\" \/>\n<meta property=\"article:modified_time\" content=\"2020-03-30T18:09:53+00:00\" \/>\n<meta name=\"twitter:card\" content=\"summary_large_image\" \/>\n<meta name=\"twitter:label1\" content=\"Tiempo de lectura\" \/>\n\t<meta name=\"twitter:data1\" content=\"2 minutos\" \/>\n<script type=\"application\/ld+json\" class=\"yoast-schema-graph\">{\"@context\":\"https:\/\/schema.org\",\"@graph\":[{\"@type\":\"WebPage\",\"@id\":\"https:\/\/dermatologolaser.com\/tractaments\/fotorejoveniment\/\",\"url\":\"https:\/\/dermatologolaser.com\/tractaments\/fotorejoveniment\/\",\"name\":\"FOTORREJUVENECIMIENTO - Eliminar manchas en la piel Laser Nordlys\",\"isPartOf\":{\"@id\":\"https:\/\/dermatologolaser.com\/#website\"},\"datePublished\":\"2019-12-26T22:02:51+00:00\",\"dateModified\":\"2020-03-30T18:09:53+00:00\",\"description\":\"Fotorrejuvenecimiento - Eliminar manchas o lentigos en las piel causadas por el sol o la edad. Con el laser Nordlys de gran calidad en Barcelona o Andorra\",\"breadcrumb\":{\"@id\":\"https:\/\/dermatologolaser.com\/tractaments\/fotorejoveniment\/#breadcrumb\"},\"inLanguage\":\"es\",\"potentialAction\":[{\"@type\":\"ReadAction\",\"target\":[\"https:\/\/dermatologolaser.com\/tractaments\/fotorejoveniment\/\"]}]},{\"@type\":\"BreadcrumbList\",\"@id\":\"https:\/\/dermatologolaser.com\/tractaments\/fotorejoveniment\/#breadcrumb\",\"itemListElement\":[{\"@type\":\"ListItem\",\"position\":1,\"name\":\"Inici\",\"item\":\"https:\/\/dermatologolaser.com\/\"},{\"@type\":\"ListItem\",\"position\":2,\"name\":\"TRATAMIENTOS\",\"item\":\"https:\/\/dermatologolaser.com\/tractaments\/\"},{\"@type\":\"ListItem\",\"position\":3,\"name\":\"FOTORREJUVENECIMIENTO\"}]},{\"@type\":\"WebSite\",\"@id\":\"https:\/\/dermatologolaser.com\/#website\",\"url\":\"https:\/\/dermatologolaser.com\/\",\"name\":\"Dr. Albert Brugu\u00e9s\",\"description\":\"Dermatologo en Barcelona y Andorra\",\"publisher\":{\"@id\":\"https:\/\/dermatologolaser.com\/#organization\"},\"potentialAction\":[{\"@type\":\"SearchAction\",\"target\":{\"@type\":\"EntryPoint\",\"urlTemplate\":\"https:\/\/dermatologolaser.com\/?s={search_term_string}\"},\"query-input\":{\"@type\":\"PropertyValueSpecification\",\"valueRequired\":true,\"valueName\":\"search_term_string\"}}],\"inLanguage\":\"es\"},{\"@type\":\"Organization\",\"@id\":\"https:\/\/dermatologolaser.com\/#organization\",\"name\":\"Dr. Albert Brugu\u00e9s\",\"url\":\"https:\/\/dermatologolaser.com\/\",\"logo\":{\"@type\":\"ImageObject\",\"inLanguage\":\"es\",\"@id\":\"https:\/\/dermatologolaser.com\/#\/schema\/logo\/image\/\",\"url\":\"https:\/\/dermatologolaser.com\/wp-content\/uploads\/2020\/01\/cropped-logo_blau-1.png\",\"contentUrl\":\"https:\/\/dermatologolaser.com\/wp-content\/uploads\/2020\/01\/cropped-logo_blau-1.png\",\"width\":1000,\"height\":250,\"caption\":\"Dr. Albert Brugu\u00e9s\"},\"image\":{\"@id\":\"https:\/\/dermatologolaser.com\/#\/schema\/logo\/image\/\"}}]}<\/script>\n<!-- \/ Yoast SEO plugin. -->","yoast_head_json":{"title":"FOTORREJUVENECIMIENTO - Eliminar manchas en la piel Laser Nordlys","description":"Fotorrejuvenecimiento - Eliminar manchas o lentigos en las piel causadas por el sol o la edad. Con el laser Nordlys de gran calidad en Barcelona o Andorra","robots":{"index":"index","follow":"follow","max-snippet":"max-snippet:-1","max-image-preview":"max-image-preview:large","max-video-preview":"max-video-preview:-1"},"canonical":"https:\/\/dermatologolaser.com\/tractaments\/fotorejoveniment\/","og_locale":"es_ES","og_type":"article","og_title":"FOTORREJUVENECIMIENTO - Eliminar manchas en la piel Laser Nordlys","og_description":"Fotorrejuvenecimiento - Eliminar manchas o lentigos en las piel causadas por el sol o la edad. Con el laser Nordlys de gran calidad en Barcelona o Andorra","og_url":"https:\/\/dermatologolaser.com\/tractaments\/fotorejoveniment\/","og_site_name":"Dr. Albert Brugu\u00e9s","article_modified_time":"2020-03-30T18:09:53+00:00","twitter_card":"summary_large_image","twitter_misc":{"Tiempo de lectura":"2 minutos"},"schema":{"@context":"https:\/\/schema.org","@graph":[{"@type":"WebPage","@id":"https:\/\/dermatologolaser.com\/tractaments\/fotorejoveniment\/","url":"https:\/\/dermatologolaser.com\/tractaments\/fotorejoveniment\/","name":"FOTORREJUVENECIMIENTO - Eliminar manchas en la piel Laser Nordlys","isPartOf":{"@id":"https:\/\/dermatologolaser.com\/#website"},"datePublished":"2019-12-26T22:02:51+00:00","dateModified":"2020-03-30T18:09:53+00:00","description":"Fotorrejuvenecimiento - Eliminar manchas o lentigos en las piel causadas por el sol o la edad. Con el laser Nordlys de gran calidad en Barcelona o Andorra","breadcrumb":{"@id":"https:\/\/dermatologolaser.com\/tractaments\/fotorejoveniment\/#breadcrumb"},"inLanguage":"es","potentialAction":[{"@type":"ReadAction","target":["https:\/\/dermatologolaser.com\/tractaments\/fotorejoveniment\/"]}]},{"@type":"BreadcrumbList","@id":"https:\/\/dermatologolaser.com\/tractaments\/fotorejoveniment\/#breadcrumb","itemListElement":[{"@type":"ListItem","position":1,"name":"Inici","item":"https:\/\/dermatologolaser.com\/"},{"@type":"ListItem","position":2,"name":"TRATAMIENTOS","item":"https:\/\/dermatologolaser.com\/tractaments\/"},{"@type":"ListItem","position":3,"name":"FOTORREJUVENECIMIENTO"}]},{"@type":"WebSite","@id":"https:\/\/dermatologolaser.com\/#website","url":"https:\/\/dermatologolaser.com\/","name":"Dr. Albert Brugu\u00e9s","description":"Dermatologo en Barcelona y Andorra","publisher":{"@id":"https:\/\/dermatologolaser.com\/#organization"},"potentialAction":[{"@type":"SearchAction","target":{"@type":"EntryPoint","urlTemplate":"https:\/\/dermatologolaser.com\/?s={search_term_string}"},"query-input":{"@type":"PropertyValueSpecification","valueRequired":true,"valueName":"search_term_string"}}],"inLanguage":"es"},{"@type":"Organization","@id":"https:\/\/dermatologolaser.com\/#organization","name":"Dr. Albert Brugu\u00e9s","url":"https:\/\/dermatologolaser.com\/","logo":{"@type":"ImageObject","inLanguage":"es","@id":"https:\/\/dermatologolaser.com\/#\/schema\/logo\/image\/","url":"https:\/\/dermatologolaser.com\/wp-content\/uploads\/2020\/01\/cropped-logo_blau-1.png","contentUrl":"https:\/\/dermatologolaser.com\/wp-content\/uploads\/2020\/01\/cropped-logo_blau-1.png","width":1000,"height":250,"caption":"Dr. Albert Brugu\u00e9s"},"image":{"@id":"https:\/\/dermatologolaser.com\/#\/schema\/logo\/image\/"}}]}},"_links":{"self":[{"href":"https:\/\/dermatologolaser.com\/es\/wp-json\/wp\/v2\/pages\/699","targetHints":{"allow":["GET"]}}],"collection":[{"href":"https:\/\/dermatologolaser.com\/es\/wp-json\/wp\/v2\/pages"}],"about":[{"href":"https:\/\/dermatologolaser.com\/es\/wp-json\/wp\/v2\/types\/page"}],"author":[{"embeddable":true,"href":"https:\/\/dermatologolaser.com\/es\/wp-json\/wp\/v2\/users\/1"}],"replies":[{"embeddable":true,"href":"https:\/\/dermatologolaser.com\/es\/wp-json\/wp\/v2\/comments?post=699"}],"version-history":[{"count":5,"href":"https:\/\/dermatologolaser.com\/es\/wp-json\/wp\/v2\/pages\/699\/revisions"}],"predecessor-version":[{"id":907,"href":"https:\/\/dermatologolaser.com\/es\/wp-json\/wp\/v2\/pages\/699\/revisions\/907"}],"up":[{"embeddable":true,"href":"https:\/\/dermatologolaser.com\/es\/wp-json\/wp\/v2\/pages\/722"}],"wp:attachment":[{"href":"https:\/\/dermatologolaser.com\/es\/wp-json\/wp\/v2\/media?parent=699"}],"curies":[{"name":"wp","href":"https:\/\/api.w.org\/{rel}","templated":true}]}}