{"id":732,"date":"2020-01-30T14:24:16","date_gmt":"2020-01-30T14:24:16","guid":{"rendered":"https:\/\/dermatologolaser.com\/laser-nordlys\/"},"modified":"2020-03-30T17:57:59","modified_gmt":"2020-03-30T17:57:59","slug":"laser-nordlys","status":"publish","type":"page","link":"https:\/\/dermatologolaser.com\/es\/laser-nordlys\/","title":{"rendered":"L\u00c1SER NORDLYS"},"content":{"rendered":"<div class=\"wpb-content-wrapper\"><p>[vc_row][vc_column width=\u00bb1\/6&#8243;][\/vc_column][vc_column width=\u00bb2\/3&#8243;][vc_empty_space height=\u00bb50px\u00bb][vc_column_text]<\/p>\n<h5>El sistema Nordlys\u2122, de Ellipse by Candela, cuenta con tres tecnolog\u00edas en una sola plataforma exclusiva para el tratamiento de diferentes lesiones est\u00e9ticas y dermatol\u00f3gicas: <a href=\"#Ellipse\">Ellipse IPL\u2122<\/a>, <a href=\"#Frax\">Frax 1550<\/a> y <a href=\"#Yag\">Nd:YAG 1064<\/a>, con resultados cl\u00ednicamente testados, altamente efectivos y seguros.<\/h5>\n<p>[\/vc_column_text][vc_empty_space][\/vc_column][vc_column width=\u00bb1\/6&#8243;][\/vc_column][\/vc_row][vc_row][vc_column width=\u00bb1\/6&#8243;][\/vc_column][vc_column width=\u00bb2\/3&#8243;][vc_empty_space][vc_single_image image=\u00bb564&#8243; img_size=\u00bbfull\u00bb alignment=\u00bbcenter\u00bb][\/vc_single_image][vc_empty_space][\/vc_column][vc_column width=\u00bb1\/6&#8243;][\/vc_column][\/vc_row][vc_row el_id=\u00bbEllipse\u00bb][vc_column width=\u00bb1\/6&#8243;][\/vc_column][vc_column width=\u00bb2\/3&#8243;][vc_column_text]<\/p>\n<h4><b><span lang=\"ES-TRAD\">Ellipse IPL\u2122<\/span><\/b><\/h4>\n<p><span lang=\"ES-TRAD\">Equipo de luz pulsada intensa \u00fanica provista de la m\u00e1s avanzada tecnolog\u00eda del mercado para proporcionar tratamientos de fotorrejuvenecimiento y vasculares excepcionales.<\/span>[\/vc_column_text][vc_empty_space][\/vc_column][vc_column width=\u00bb1\/6&#8243;][\/vc_column][\/vc_row][vc_row el_id=\u00bbFrax\u00bb][vc_column width=\u00bb1\/6&#8243;][\/vc_column][vc_column width=\u00bb2\/3&#8243;][vc_column_text]<\/p>\n<h4><b><span lang=\"ES-TRAD\">Frax 1550<\/span><\/b><\/h4>\n<p><span lang=\"ES-TRAD\">Tratamiento fraccional no ablativo para el fotorrejuvenecimiento de la piel, cicatrices quir\u00fargicas, cicatrices de acn\u00e9 y estr\u00edas.<\/span>[\/vc_column_text][vc_empty_space][\/vc_column][vc_column width=\u00bb1\/6&#8243;][\/vc_column][\/vc_row][vc_row el_id=\u00bbYag\u00bb][vc_column width=\u00bb1\/6&#8243;][\/vc_column][vc_column width=\u00bb2\/3&#8243;][vc_column_text]<\/p>\n<h4><b><span lang=\"ES-TRAD\">Nd:YAG 1064<\/span><\/b><\/h4>\n<p><span lang=\"ES-TRAD\">Trata una amplia gama de lesiones vasculares, desde ara\u00f1as vasculares en las piernas hasta angiomas o puntos rub\u00ed. Cuenta con un sistema de aire fr\u00edo integrado para una mayor comodidad durante y despu\u00e9s del tratamiento.<\/span>[\/vc_column_text][vc_empty_space][\/vc_column][vc_column width=\u00bb1\/6&#8243;][\/vc_column][\/vc_row][vc_row content_placement=\u00bbmiddle\u00bb][vc_column width=\u00bb1\/6&#8243;][\/vc_column][vc_column width=\u00bb2\/3&#8243;][vc_empty_space][vc_column_text]<\/p>\n<h4><b><span lang=\"ES-TRAD\">Los tratamientos m\u00e1s solicitados del l\u00e1ser Nordlys<\/span><\/b><\/h4>\n<ul>\n<li><span lang=\"ES-TRAD\">Fotorrejuvenecimiento<\/span><\/li>\n<li>Telangiectasias<\/li>\n<li>Ros\u00e1cea<\/li>\n<li><span lang=\"ES-TRAD\">Lesiones pigmentadas benignas<\/span><\/li>\n<li><span lang=\"ES-TRAD\">Lesiones vasculares benignas<\/span><\/li>\n<li><span lang=\"ES-TRAD\">Arrugas<\/span><\/li>\n<li><span lang=\"ES-TRAD\">Textura de la piel<\/span><\/li>\n<li><span lang=\"ES-TRAD\">Cicatrices de acn\u00e9, cicatrices quir\u00fargicas y estr\u00edas<\/span><\/li>\n<li><span lang=\"ES-TRAD\">Rejuvenecimiento de la piel<\/span><\/li>\n<li><span lang=\"ES-TRAD\">Eliminaci\u00f3n de vello<\/span><\/li>\n<\/ul>\n<p>[\/vc_column_text][vc_empty_space][vc_empty_space][\/vc_column][vc_column width=\u00bb1\/6&#8243;][\/vc_column][\/vc_row][vc_row rsclass=\u00bbclean\u00bb][vc_column rsclass=\u00bbclean\u00bb el_class=\u00bbcontainer\u00bb][vc_empty_space][vc_custom_heading text=\u00bbL\u00c1SER CO2&#8243; font_container=\u00bbtag:h2|font_size:35|text_align:center|color:%23494949&#8243; use_theme_fonts=\u00bbyes\u00bb rs_decor_place=\u00bb1&#8243; rsouter=\u00bbtext-center mb-4 tt_pt_34&#8243;][\/vc_custom_heading][vc_empty_space][\/vc_column][\/vc_row][vc_row][vc_column width=\u00bb1\/6&#8243;][\/vc_column][vc_column width=\u00bb2\/3&#8243;][vc_column_text]<\/p>\n<div>\n<p><b><span lang=\"ES-TRAD\">L\u00e1ser CO<sub>2\u00a0<\/sub><\/span><\/b><span lang=\"ES-TRAD\"><b>quir\u00fargico<\/b><\/span><\/p>\n<p><span lang=\"ES-TRAD\">El l\u00e1ser de CO<sub>2<\/sub> quir\u00fargico es un tipo de l\u00e1ser muy preciso que permite eliminar de manera eficaz cualquier tipo de lesi\u00f3n dermatol\u00f3gica. Es principalmente \u00fatil para el tratamiento de aquellas tumoraciones de naturaleza benigna que se eliminen por motivos est\u00e9ticos (nevus o pecas, quistes, verrugas, xantelasmas, siringomas).<\/span><\/p>\n<p><span lang=\"ES-TRAD\">Esta tipolog\u00eda de l\u00e1ser es muy selectiva y permite respetar con precisi\u00f3n los tejidos pr\u00f3ximos con el objetivo de reducir el da\u00f1o quir\u00fargico. Con el l\u00e1ser CO<sub>2 <\/sub><\/span><span lang=\"ES-TRAD\">se consigue una recuperaci\u00f3n postoperatoria m\u00e1s r\u00e1pida.<\/span><\/p>\n<\/div>\n<p>[\/vc_column_text][vc_empty_space][\/vc_column][vc_column width=\u00bb1\/6&#8243;][\/vc_column][\/vc_row][vc_row][vc_column width=\u00bb1\/6&#8243;][\/vc_column][vc_column width=\u00bb2\/3&#8243;][vc_empty_space][vc_single_image image=\u00bb568&#8243; img_size=\u00bbfull\u00bb alignment=\u00bbcenter\u00bb][\/vc_single_image][vc_empty_space][\/vc_column][vc_column width=\u00bb1\/6&#8243;][\/vc_column][\/vc_row][vc_row][vc_column width=\u00bb1\/6&#8243;][\/vc_column][vc_column width=\u00bb2\/3&#8243;][vc_column_text]<\/p>\n<div>\n<p><b><span lang=\"ES-TRAD\">L\u00e1ser CO<sub>2<\/sub> fraccionado<\/span><\/b><\/p>\n<p><span lang=\"ES-TRAD\">Esta tipolog\u00eda de l\u00e1ser se utiliza en tratamientos de <em>resurfacing<\/em> y cicatrices de acn\u00e9. Cuenta con un sistema, llamado Esc\u00e1ner, que permite que el haz de luz emitido por el equipo se divida en peque\u00f1os puntos c<\/span><span lang=\"ES-TRAD\">on una distribuci\u00f3n similar<\/span><span lang=\"ES-TRAD\"> a la lluvia. <\/span><\/p>\n<p><span lang=\"ES-TRAD\">Al entrar en contacto con la superficie cut\u00e1nea, cada punto de luz penetrar\u00e1 individualmente y de forma perpendicular a la zona a tratar. <\/span><\/p>\n<p><span lang=\"ES-TRAD\">Despu\u00e9s de la cicatrizaci\u00f3n, el resultado es una piel m\u00e1s tersa, luminosa y homog\u00e9nea; adem\u00e1s, se disminuyen las l\u00edneas de expresi\u00f3n y la profundidad de las cicatrices de acn\u00e9.<\/span><\/p>\n<\/div>\n<p>[\/vc_column_text][vc_empty_space][\/vc_column][vc_column width=\u00bb1\/6&#8243;][\/vc_column][\/vc_row][vc_section css=\u00bb.vc_custom_1577984689605{background-color: #49b0c1 !important;}\u00bb][vc_row][vc_column css=\u00bb.vc_custom_1577984724005{background-color: #49b0c1 !important;}\u00bb][vc_row_inner][vc_column_inner width=\u00bb1\/6&#8243;][\/vc_column_inner][vc_column_inner width=\u00bb2\/3&#8243;][vc_column_text rsclass=\u00bbclean\u00bb]<\/p>\n<h2 class=\"tt\"><span style=\"color: #ffffff;\">Contacta sin compromiso.<\/span><\/h2>\n<div class=\"h-decor\"><\/div>\n<p>[\/vc_column_text][vc_column_text]<span style=\"color: #ffffff;\">Te informamos sobre cu\u00e1l es el mejor tratamiento para tu caso.<\/span>[\/vc_column_text][vc_empty_space][vc_btn title=\u00bbCONTACTA\u00bb style=\u00bboutline\u00bb shape=\u00bbsquare\u00bb color=\u00bbwhite\u00bb size=\u00bblg\u00bb link=\u00bburl:https%3A%2F%2Fdermatologolaser.com%2Fes%2Fcontacto-dermatologo-laser%2F|title:Contacta||\u00bb][vc_empty_space][\/vc_column_inner][vc_column_inner width=\u00bb1\/6&#8243;][\/vc_column_inner][\/vc_row_inner][\/vc_column][\/vc_row][\/vc_section]<\/p>\n<\/div>","protected":false},"excerpt":{"rendered":"<p>[vc_row][vc_column width=\u00bb1\/6&#8243;][\/vc_column][vc_column width=\u00bb2\/3&#8243;][vc_empty_space height=\u00bb50px\u00bb][vc_column_text] El sistema Nordlys\u2122, de Ellipse by Candela, cuenta con tres tecnolog\u00edas en una sola plataforma exclusiva para el tratamiento de diferentes lesiones est\u00e9ticas y dermatol\u00f3gicas: Ellipse IPL\u2122, Frax 1550 y Nd:YAG 1064, con resultados cl\u00ednicamente testados, altamente efectivos y seguros. [\/vc_column_text][vc_empty_space][\/vc_column][vc_column width=\u00bb1\/6&#8243;][\/vc_column][\/vc_row][vc_row][vc_column width=\u00bb1\/6&#8243;][\/vc_column][vc_column width=\u00bb2\/3&#8243;][vc_empty_space][vc_single_image image=\u00bb564&#8243; img_size=\u00bbfull\u00bb alignment=\u00bbcenter\u00bb][\/vc_single_image][vc_empty_space][\/vc_column][vc_column width=\u00bb1\/6&#8243;][\/vc_column][\/vc_row][vc_row el_id=\u00bbEllipse\u00bb][vc_column width=\u00bb1\/6&#8243;][\/vc_column][vc_column width=\u00bb2\/3&#8243;][vc_column_text] <\/p>\n<div class=\"btn-more-wrapper\"><a href=\"https:\/\/dermatologolaser.com\/es\/laser-nordlys\/\" class=\"btn btn-sm btn-hover-fill\"><svg class=\"icon icon-right-arrow\" version=\"1.1\" xmlns=\"http:\/\/www.w3.org\/2000\/svg\" width=\"32\" height=\"32\" viewBox=\"0 0 32 32\"><path d=\"M21.548 5.088c-0.436-0.451-1.162-0.451-1.613 0-0.436 0.436-0.436 1.162 0 1.596l8.177 8.177h-26.984c-0.629 0.001-1.129 0.501-1.129 1.13s0.5 1.145 1.129 1.145h26.984l-8.177 8.162c-0.436 0.451-0.436 1.178 0 1.613 0.451 0.451 1.178 0.451 1.613 0l10.113-10.113c0.451-0.436 0.451-1.162 0-1.596l-10.113-10.114z\"><\/path><\/svg>Read More<span class=\"screen-reader-text\"> \u00abL\u00c1SER NORDLYS\u00bb<\/span><svg class=\"icon icon-right-arrow\" version=\"1.1\" xmlns=\"http:\/\/www.w3.org\/2000\/svg\" width=\"32\" height=\"32\" viewBox=\"0 0 32 32\"><path d=\"M21.548 5.088c-0.436-0.451-1.162-0.451-1.613 0-0.436 0.436-0.436 1.162 0 1.596l8.177 8.177h-26.984c-0.629 0.001-1.129 0.501-1.129 1.13s0.5 1.145 1.129 1.145h26.984l-8.177 8.162c-0.436 0.451-0.436 1.178 0 1.613 0.451 0.451 1.178 0.451 1.613 0l10.113-10.113c0.451-0.436 0.451-1.162 0-1.596l-10.113-10.114z\"><\/path><\/svg><\/a><\/div>\n","protected":false},"author":1,"featured_media":0,"parent":0,"menu_order":4,"comment_status":"closed","ping_status":"closed","template":"custompagett.php","meta":{"footnotes":""},"class_list":["post-732","page","type-page","status-publish","hentry"],"yoast_head":"<!-- This site is optimized with the Yoast SEO plugin v26.9 - https:\/\/yoast.com\/product\/yoast-seo-wordpress\/ -->\n<title>Laser Nordlys - Laser CO2 - Tratamientos con l\u00e1ser Barcelona y Andorra<\/title>\n<meta name=\"description\" content=\"Laser Nordlys, L\u00e1ser Co2, Ellipse by Nordlys, L\u00e1ser CO2 fraccionado, Laser CO2 quir\u00fargico, demrat\u00f3logo l\u00e1ser, laserterapia barcelona, tratamientos laser\" \/>\n<meta name=\"robots\" content=\"index, follow, max-snippet:-1, max-image-preview:large, max-video-preview:-1\" \/>\n<link rel=\"canonical\" href=\"https:\/\/dermatologolaser.com\/laser-nordlys\/\" \/>\n<meta property=\"og:locale\" content=\"es_ES\" \/>\n<meta property=\"og:type\" content=\"article\" \/>\n<meta property=\"og:title\" content=\"Laser Nordlys - Laser CO2 - Tratamientos con l\u00e1ser Barcelona y Andorra\" \/>\n<meta property=\"og:description\" content=\"Laser Nordlys, L\u00e1ser Co2, Ellipse by Nordlys, L\u00e1ser CO2 fraccionado, Laser CO2 quir\u00fargico, demrat\u00f3logo l\u00e1ser, laserterapia barcelona, tratamientos laser\" \/>\n<meta property=\"og:url\" content=\"https:\/\/dermatologolaser.com\/laser-nordlys\/\" \/>\n<meta property=\"og:site_name\" content=\"Dr. Albert Brugu\u00e9s\" \/>\n<meta property=\"article:modified_time\" content=\"2020-03-30T17:57:59+00:00\" \/>\n<meta name=\"twitter:card\" content=\"summary_large_image\" \/>\n<meta name=\"twitter:label1\" content=\"Tiempo de lectura\" \/>\n\t<meta name=\"twitter:data1\" content=\"4 minutos\" \/>\n<script type=\"application\/ld+json\" class=\"yoast-schema-graph\">{\"@context\":\"https:\/\/schema.org\",\"@graph\":[{\"@type\":\"WebPage\",\"@id\":\"https:\/\/dermatologolaser.com\/laser-nordlys\/\",\"url\":\"https:\/\/dermatologolaser.com\/laser-nordlys\/\",\"name\":\"Laser Nordlys - Laser CO2 - Tratamientos con l\u00e1ser Barcelona y Andorra\",\"isPartOf\":{\"@id\":\"https:\/\/dermatologolaser.com\/#website\"},\"datePublished\":\"2020-01-30T14:24:16+00:00\",\"dateModified\":\"2020-03-30T17:57:59+00:00\",\"description\":\"Laser Nordlys, L\u00e1ser Co2, Ellipse by Nordlys, L\u00e1ser CO2 fraccionado, Laser CO2 quir\u00fargico, demrat\u00f3logo l\u00e1ser, laserterapia barcelona, tratamientos laser\",\"breadcrumb\":{\"@id\":\"https:\/\/dermatologolaser.com\/laser-nordlys\/#breadcrumb\"},\"inLanguage\":\"es\",\"potentialAction\":[{\"@type\":\"ReadAction\",\"target\":[\"https:\/\/dermatologolaser.com\/laser-nordlys\/\"]}]},{\"@type\":\"BreadcrumbList\",\"@id\":\"https:\/\/dermatologolaser.com\/laser-nordlys\/#breadcrumb\",\"itemListElement\":[{\"@type\":\"ListItem\",\"position\":1,\"name\":\"Inici\",\"item\":\"https:\/\/dermatologolaser.com\/\"},{\"@type\":\"ListItem\",\"position\":2,\"name\":\"L\u00c1SER NORDLYS\"}]},{\"@type\":\"WebSite\",\"@id\":\"https:\/\/dermatologolaser.com\/#website\",\"url\":\"https:\/\/dermatologolaser.com\/\",\"name\":\"Dr. Albert Brugu\u00e9s\",\"description\":\"Dermatologo en Barcelona y Andorra\",\"publisher\":{\"@id\":\"https:\/\/dermatologolaser.com\/#organization\"},\"potentialAction\":[{\"@type\":\"SearchAction\",\"target\":{\"@type\":\"EntryPoint\",\"urlTemplate\":\"https:\/\/dermatologolaser.com\/?s={search_term_string}\"},\"query-input\":{\"@type\":\"PropertyValueSpecification\",\"valueRequired\":true,\"valueName\":\"search_term_string\"}}],\"inLanguage\":\"es\"},{\"@type\":\"Organization\",\"@id\":\"https:\/\/dermatologolaser.com\/#organization\",\"name\":\"Dr. Albert Brugu\u00e9s\",\"url\":\"https:\/\/dermatologolaser.com\/\",\"logo\":{\"@type\":\"ImageObject\",\"inLanguage\":\"es\",\"@id\":\"https:\/\/dermatologolaser.com\/#\/schema\/logo\/image\/\",\"url\":\"https:\/\/dermatologolaser.com\/wp-content\/uploads\/2020\/01\/cropped-logo_blau-1.png\",\"contentUrl\":\"https:\/\/dermatologolaser.com\/wp-content\/uploads\/2020\/01\/cropped-logo_blau-1.png\",\"width\":1000,\"height\":250,\"caption\":\"Dr. Albert Brugu\u00e9s\"},\"image\":{\"@id\":\"https:\/\/dermatologolaser.com\/#\/schema\/logo\/image\/\"}}]}<\/script>\n<!-- \/ Yoast SEO plugin. -->","yoast_head_json":{"title":"Laser Nordlys - Laser CO2 - Tratamientos con l\u00e1ser Barcelona y Andorra","description":"Laser Nordlys, L\u00e1ser Co2, Ellipse by Nordlys, L\u00e1ser CO2 fraccionado, Laser CO2 quir\u00fargico, demrat\u00f3logo l\u00e1ser, laserterapia barcelona, tratamientos laser","robots":{"index":"index","follow":"follow","max-snippet":"max-snippet:-1","max-image-preview":"max-image-preview:large","max-video-preview":"max-video-preview:-1"},"canonical":"https:\/\/dermatologolaser.com\/laser-nordlys\/","og_locale":"es_ES","og_type":"article","og_title":"Laser Nordlys - Laser CO2 - Tratamientos con l\u00e1ser Barcelona y Andorra","og_description":"Laser Nordlys, L\u00e1ser Co2, Ellipse by Nordlys, L\u00e1ser CO2 fraccionado, Laser CO2 quir\u00fargico, demrat\u00f3logo l\u00e1ser, laserterapia barcelona, tratamientos laser","og_url":"https:\/\/dermatologolaser.com\/laser-nordlys\/","og_site_name":"Dr. Albert Brugu\u00e9s","article_modified_time":"2020-03-30T17:57:59+00:00","twitter_card":"summary_large_image","twitter_misc":{"Tiempo de lectura":"4 minutos"},"schema":{"@context":"https:\/\/schema.org","@graph":[{"@type":"WebPage","@id":"https:\/\/dermatologolaser.com\/laser-nordlys\/","url":"https:\/\/dermatologolaser.com\/laser-nordlys\/","name":"Laser Nordlys - Laser CO2 - Tratamientos con l\u00e1ser Barcelona y Andorra","isPartOf":{"@id":"https:\/\/dermatologolaser.com\/#website"},"datePublished":"2020-01-30T14:24:16+00:00","dateModified":"2020-03-30T17:57:59+00:00","description":"Laser Nordlys, L\u00e1ser Co2, Ellipse by Nordlys, L\u00e1ser CO2 fraccionado, Laser CO2 quir\u00fargico, demrat\u00f3logo l\u00e1ser, laserterapia barcelona, tratamientos laser","breadcrumb":{"@id":"https:\/\/dermatologolaser.com\/laser-nordlys\/#breadcrumb"},"inLanguage":"es","potentialAction":[{"@type":"ReadAction","target":["https:\/\/dermatologolaser.com\/laser-nordlys\/"]}]},{"@type":"BreadcrumbList","@id":"https:\/\/dermatologolaser.com\/laser-nordlys\/#breadcrumb","itemListElement":[{"@type":"ListItem","position":1,"name":"Inici","item":"https:\/\/dermatologolaser.com\/"},{"@type":"ListItem","position":2,"name":"L\u00c1SER NORDLYS"}]},{"@type":"WebSite","@id":"https:\/\/dermatologolaser.com\/#website","url":"https:\/\/dermatologolaser.com\/","name":"Dr. Albert Brugu\u00e9s","description":"Dermatologo en Barcelona y Andorra","publisher":{"@id":"https:\/\/dermatologolaser.com\/#organization"},"potentialAction":[{"@type":"SearchAction","target":{"@type":"EntryPoint","urlTemplate":"https:\/\/dermatologolaser.com\/?s={search_term_string}"},"query-input":{"@type":"PropertyValueSpecification","valueRequired":true,"valueName":"search_term_string"}}],"inLanguage":"es"},{"@type":"Organization","@id":"https:\/\/dermatologolaser.com\/#organization","name":"Dr. Albert Brugu\u00e9s","url":"https:\/\/dermatologolaser.com\/","logo":{"@type":"ImageObject","inLanguage":"es","@id":"https:\/\/dermatologolaser.com\/#\/schema\/logo\/image\/","url":"https:\/\/dermatologolaser.com\/wp-content\/uploads\/2020\/01\/cropped-logo_blau-1.png","contentUrl":"https:\/\/dermatologolaser.com\/wp-content\/uploads\/2020\/01\/cropped-logo_blau-1.png","width":1000,"height":250,"caption":"Dr. Albert Brugu\u00e9s"},"image":{"@id":"https:\/\/dermatologolaser.com\/#\/schema\/logo\/image\/"}}]}},"_links":{"self":[{"href":"https:\/\/dermatologolaser.com\/es\/wp-json\/wp\/v2\/pages\/732","targetHints":{"allow":["GET"]}}],"collection":[{"href":"https:\/\/dermatologolaser.com\/es\/wp-json\/wp\/v2\/pages"}],"about":[{"href":"https:\/\/dermatologolaser.com\/es\/wp-json\/wp\/v2\/types\/page"}],"author":[{"embeddable":true,"href":"https:\/\/dermatologolaser.com\/es\/wp-json\/wp\/v2\/users\/1"}],"replies":[{"embeddable":true,"href":"https:\/\/dermatologolaser.com\/es\/wp-json\/wp\/v2\/comments?post=732"}],"version-history":[{"count":8,"href":"https:\/\/dermatologolaser.com\/es\/wp-json\/wp\/v2\/pages\/732\/revisions"}],"predecessor-version":[{"id":904,"href":"https:\/\/dermatologolaser.com\/es\/wp-json\/wp\/v2\/pages\/732\/revisions\/904"}],"wp:attachment":[{"href":"https:\/\/dermatologolaser.com\/es\/wp-json\/wp\/v2\/media?parent=732"}],"curies":[{"name":"wp","href":"https:\/\/api.w.org\/{rel}","templated":true}]}}