{"id":738,"date":"2019-12-26T21:54:16","date_gmt":"2019-12-26T21:54:16","guid":{"rendered":"https:\/\/dermatologolaser.com\/contacte-dermatoleg-laser\/"},"modified":"2020-03-20T16:10:07","modified_gmt":"2020-03-20T16:10:07","slug":"contacto-dermatologo-laser","status":"publish","type":"page","link":"https:\/\/dermatologolaser.com\/es\/contacto-dermatologo-laser\/","title":{"rendered":"Contacto"},"content":{"rendered":"<div class=\"wpb-content-wrapper\"><p>[vc_row][vc_column][vc_column_text]<\/p>\n<h5 style=\"text-align: center;\">Pida cita en uno de los centros donde visito.<\/h5>\n<p>[\/vc_column_text][vc_empty_space height=\u00bb60px\u00bb][\/vc_column][\/vc_row][vc_row][vc_column width=\u00bb1\/2&#8243;][vc_column_text]<\/p>\n<h3 class=\"text-md-left\">Barcelona<\/h3>\n<p>[\/vc_column_text][vc_empty_space height=\u00bb52px\u00bb][vc_column_text]<\/p>\n<ul class=\"icn-list\">\n<li><svg class=\"icon icon-placeholder-for-map-1\" version=\"1.1\" xmlns=\"http:\/\/www.w3.org\/2000\/svg\" width=\"32\" height=\"32\" viewBox=\"0 0 32 32\"><path d=\"M16.404 0.007c-6.499-0.219-11.835 4.984-11.835 11.433 0 7.319 7.024 12.631 10.96 20.269 0.2 0.388 0.758 0.388 0.959 0.001 3.561-6.873 9.648-11.482 10.776-18.104 1.168-6.852-3.913-13.364-10.86-13.599zM16.008 17.431c-3.309 0-5.992-2.683-5.992-5.992s2.683-5.992 5.992-5.992c3.309 0 5.992 2.683 5.992 5.992s-2.683 5.992-5.992 5.992z\"><\/path><\/svg>Centro M\u00e9dico Teknon.<br \/>\nCalle de Vilana, 12, 08022 Barcelona<\/li>\n<li><svg class=\"icon icon-telephone-1\" version=\"1.1\" xmlns=\"http:\/\/www.w3.org\/2000\/svg\" width=\"32\" height=\"32\" viewBox=\"0 0 32 32\"><path d=\"M23.467 19.2c-2.133 2.133-2.133 4.267-4.267 4.267s-4.267-2.133-6.4-4.267c-2.133-2.133-4.267-4.267-4.267-6.4s2.133-2.133 4.267-4.267-4.267-8.533-6.4-8.533-6.4 6.4-6.4 6.4c0 4.267 4.383 12.917 8.533 17.067s12.8 8.533 17.067 8.533c0 0 6.4-4.267 6.4-6.4s-6.4-8.533-8.533-6.4z\"><\/path><\/svg><b><span class=\"phone\"><span class=\"text-nowrap\"><a href=\"tel:+34933933127\"> 93 393 31 27<\/a><\/span><br \/>\n<span class=\"text-nowrap\"><a href=\"tel:+34933933165\">93 393 31 65<\/a><\/span><\/span><\/b><\/li>\n<li class=\"l-h-28\"><a href=\"https:\/\/www.lopezgil.com\/\" target=\"_blank\" rel=\"noopener noreferrer\">www.lopezgil.com<\/a><\/li>\n<\/ul>\n<p>[\/vc_column_text][vc_empty_space][vc_gmaps link=\u00bb#E-8_JTNDaWZyYW1lJTIwc3JjJTNEJTIyaHR0cHMlM0ElMkYlMkZ3d3cuZ29vZ2xlLmNvbSUyRm1hcHMlMkZlbWJlZCUzRnBiJTNEJTIxMW0xOCUyMTFtMTIlMjExbTMlMjExZDI5OTIuNTA0NjAxMjQxODE2NSUyMTJkMi4xMjUxNjY3MTU0MjYzNzklMjEzZDQxLjQwNjU2Mzc3OTI2MjUwNSUyMTJtMyUyMTFmMCUyMTJmMCUyMTNmMCUyMTNtMiUyMTFpMTAyNCUyMTJpNzY4JTIxNGYxMy4xJTIxM20zJTIxMW0yJTIxMXMweDEyYTQ5ODE0NDdmOTZkNzklMjUzQTB4YjgxNDY2N2VkMzQ2MDBhJTIxMnNDZW50cm8lMjUyME0lMjVDMyUyNUE5ZGljbyUyNTIwVGVrbm9uJTIxNWUwJTIxM20yJTIxMXNlcyUyMTJzZXMlMjE0djE1Nzk5OTE3MjcxNjIlMjE1bTIlMjExc2VzJTIxMnNlcyUyMiUyMHdpZHRoJTNEJTIyNjAwJTIyJTIwaGVpZ2h0JTNEJTIyNDUwJTIyJTIwZnJhbWVib3JkZXIlM0QlMjIwJTIyJTIwc3R5bGUlM0QlMjJib3JkZXIlM0EwJTNCJTIyJTIwYWxsb3dmdWxsc2NyZWVuJTNEJTIyJTIyJTNFJTNDJTJGaWZyYW1lJTNF\u00bb][\/vc_column][vc_column width=\u00bb1\/2&#8243;][vc_column_text]<\/p>\n<h3 class=\"text-md-left\">Andorra<\/h3>\n<p>[\/vc_column_text][vc_empty_space height=\u00bb52px\u00bb][vc_column_text]<\/p>\n<ul class=\"icn-list\">\n<li><svg class=\"icon icon-placeholder-for-map-1\" version=\"1.1\" xmlns=\"http:\/\/www.w3.org\/2000\/svg\" width=\"32\" height=\"32\" viewBox=\"0 0 32 32\"><path d=\"M16.404 0.007c-6.499-0.219-11.835 4.984-11.835 11.433 0 7.319 7.024 12.631 10.96 20.269 0.2 0.388 0.758 0.388 0.959 0.001 3.561-6.873 9.648-11.482 10.776-18.104 1.168-6.852-3.913-13.364-10.86-13.599zM16.008 17.431c-3.309 0-5.992-2.683-5.992-5.992s2.683-5.992 5.992-5.992c3.309 0 5.992 2.683 5.992 5.992s-2.683 5.992-5.992 5.992z\"><\/path><\/svg>DermAndTek<br \/>\nAvda. Esteve Albert, 17 local 2<br \/>\nAD700 Escaldes-Engordany, Andorra<\/li>\n<li><svg class=\"icon icon-telephone-1\" version=\"1.1\" xmlns=\"http:\/\/www.w3.org\/2000\/svg\" width=\"32\" height=\"32\" viewBox=\"0 0 32 32\"><path d=\"M23.467 19.2c-2.133 2.133-2.133 4.267-4.267 4.267s-4.267-2.133-6.4-4.267c-2.133-2.133-4.267-4.267-4.267-6.4s2.133-2.133 4.267-4.267-4.267-8.533-6.4-8.533-6.4 6.4-6.4 6.4c0 4.267 4.383 12.917 8.533 17.067s12.8 8.533 17.067 8.533c0 0 6.4-4.267 6.4-6.4s-6.4-8.533-8.533-6.4z\"><\/path><\/svg><b><span class=\"phone\"><span class=\"text-nowrap\"><a href=\"tel:+376886100\">+376 886 100<\/a><\/span> <\/span><\/b><\/li>\n<li class=\"l-h-28\"><a href=\"http:\/\/www.dermatologiaandorra.com\" target=\"_blank\" rel=\"noopener noreferrer\">www.dermatologiaandorra.com<\/a><\/li>\n<\/ul>\n<p>[\/vc_column_text][vc_empty_space][vc_gmaps link=\u00bb#E-8_JTNDaWZyYW1lJTIwc3JjJTNEJTIyaHR0cHMlM0ElMkYlMkZ3d3cuZ29vZ2xlLmNvbSUyRm1hcHMlMkZlbWJlZCUzRnBiJTNEJTIxMW0xOCUyMTFtMTIlMjExbTMlMjExZDI5NDEuMTIwMjI4ODIxMTgzJTIxMmQxLjUzMjA2MTYxNDgxMjI4NyUyMTNkNDIuNTEwMjUyOTMzNTk3MDklMjEybTMlMjExZjAlMjEyZjAlMjEzZjAlMjEzbTIlMjExaTEwMjQlMjEyaTc2OCUyMTRmMTMuMSUyMTNtMyUyMTFtMiUyMTFzMHgxMmE1OGFkYjNmM2E1MzNmJTI1M0EweDZiNmQwOTI3MDc0ODkyNjElMjEyc0RFUk1BTkRURUslMjUyMC0lMjUyMERlcm1hdG9sb2dpYSUyNTIwQW5kb3JyYSUyMTVlMCUyMTNtMiUyMTFzZXMlMjEyc2VzJTIxNHYxNTc5OTkxNzU3MjQyJTIxNW0yJTIxMXNlcyUyMTJzZXMlMjIlMjB3aWR0aCUzRCUyMjYwMCUyMiUyMGhlaWdodCUzRCUyMjQ1MCUyMiUyMGZyYW1lYm9yZGVyJTNEJTIyMCUyMiUyMHN0eWxlJTNEJTIyYm9yZGVyJTNBMCUzQiUyMiUyMGFsbG93ZnVsbHNjcmVlbiUzRCUyMiUyMiUzRSUzQyUyRmlmcmFtZSUzRQ==\u00bb][\/vc_column][\/vc_row][vc_row][vc_column][vc_row_inner][vc_column_inner][vc_empty_space height=\u00bb60px\u00bb][\/vc_column_inner][\/vc_row_inner][vc_row_inner][vc_column_inner width=\u00bb1\/2&#8243;][vc_single_image image=\u00bb463&#8243; img_size=\u00bbfull\u00bb][\/vc_single_image][vc_empty_space][\/vc_column_inner][vc_column_inner width=\u00bb1\/2&#8243;][vc_column_text]Si tiene cualquier consulta o duda, me puede contactar directamente mediante el correo que hay a continuaci\u00f3n. Intentar\u00e9 responder lo m\u00e1s pronto posible.[\/vc_column_text][vc_empty_space height=\u00bb52px\u00bb][vc_column_text]<\/p>\n<h5 style=\"text-align: left;\"><span style=\"color: #49b0c1;\"><strong><a style=\"color: #49b0c1;\" href=\"mailto:info@dermatologolaser.com\">info@dermatologolaser.com<\/a><\/strong><\/span><\/h5>\n<p>[\/vc_column_text][vc_empty_space height=\u00bb52px\u00bb][vc_column_text]Gracias por su confianza.[\/vc_column_text][\/vc_column_inner][\/vc_row_inner][\/vc_column][\/vc_row]<\/p>\n<\/div>","protected":false},"excerpt":{"rendered":"<p>[vc_row][vc_column][vc_column_text] Pida cita en uno de los centros donde visito. [\/vc_column_text][vc_empty_space height=\u00bb60px\u00bb][\/vc_column][\/vc_row][vc_row][vc_column width=\u00bb1\/2&#8243;][vc_column_text] Barcelona [\/vc_column_text][vc_empty_space height=\u00bb52px\u00bb][vc_column_text] Centro M\u00e9dico Teknon. Calle de Vilana, 12, 08022 Barcelona 93 393 31 27 93 393 31 65 www.lopezgil.com [\/vc_column_text][vc_empty_space][vc_gmaps link=\u00bb#E-8_JTNDaWZyYW1lJTIwc3JjJTNEJTIyaHR0cHMlM0ElMkYlMkZ3d3cuZ29vZ2xlLmNvbSUyRm1hcHMlMkZlbWJlZCUzRnBiJTNEJTIxMW0xOCUyMTFtMTIlMjExbTMlMjExZDI5OTIuNTA0NjAxMjQxODE2NSUyMTJkMi4xMjUxNjY3MTU0MjYzNzklMjEzZDQxLjQwNjU2Mzc3OTI2MjUwNSUyMTJtMyUyMTFmMCUyMTJmMCUyMTNmMCUyMTNtMiUyMTFpMTAyNCUyMTJpNzY4JTIxNGYxMy4xJTIxM20zJTIxMW0yJTIxMXMweDEyYTQ5ODE0NDdmOTZkNzklMjUzQTB4YjgxNDY2N2VkMzQ2MDBhJTIxMnNDZW50cm8lMjUyME0lMjVDMyUyNUE5ZGljbyUyNTIwVGVrbm9uJTIxNWUwJTIxM20yJTIxMXNlcyUyMTJzZXMlMjE0djE1Nzk5OTE3MjcxNjIlMjE1bTIlMjExc2VzJTIxMnNlcyUyMiUyMHdpZHRoJTNEJTIyNjAwJTIyJTIwaGVpZ2h0JTNEJTIyNDUwJTIyJTIwZnJhbWVib3JkZXIlM0QlMjIwJTIyJTIwc3R5bGUlM0QlMjJib3JkZXIlM0EwJTNCJTIyJTIwYWxsb3dmdWxsc2NyZWVuJTNEJTIyJTIyJTNFJTNDJTJGaWZyYW1lJTNF\u00bb][\/vc_column][vc_column width=\u00bb1\/2&#8243;][vc_column_text] Andorra [\/vc_column_text][vc_empty_space height=\u00bb52px\u00bb][vc_column_text] DermAndTek Avda. Esteve Albert, 17 local 2 AD700 Escaldes-Engordany, Andorra +376 886 100 www.dermatologiaandorra.com [\/vc_column_text][vc_empty_space][vc_gmaps <\/p>\n<div class=\"btn-more-wrapper\"><a href=\"https:\/\/dermatologolaser.com\/es\/contacto-dermatologo-laser\/\" class=\"btn btn-sm btn-hover-fill\"><svg class=\"icon icon-right-arrow\" version=\"1.1\" xmlns=\"http:\/\/www.w3.org\/2000\/svg\" width=\"32\" height=\"32\" viewBox=\"0 0 32 32\"><path d=\"M21.548 5.088c-0.436-0.451-1.162-0.451-1.613 0-0.436 0.436-0.436 1.162 0 1.596l8.177 8.177h-26.984c-0.629 0.001-1.129 0.501-1.129 1.13s0.5 1.145 1.129 1.145h26.984l-8.177 8.162c-0.436 0.451-0.436 1.178 0 1.613 0.451 0.451 1.178 0.451 1.613 0l10.113-10.113c0.451-0.436 0.451-1.162 0-1.596l-10.113-10.114z\"><\/path><\/svg>Read More<span class=\"screen-reader-text\"> \u00abContacto\u00bb<\/span><svg class=\"icon icon-right-arrow\" version=\"1.1\" xmlns=\"http:\/\/www.w3.org\/2000\/svg\" width=\"32\" height=\"32\" viewBox=\"0 0 32 32\"><path d=\"M21.548 5.088c-0.436-0.451-1.162-0.451-1.613 0-0.436 0.436-0.436 1.162 0 1.596l8.177 8.177h-26.984c-0.629 0.001-1.129 0.501-1.129 1.13s0.5 1.145 1.129 1.145h26.984l-8.177 8.162c-0.436 0.451-0.436 1.178 0 1.613 0.451 0.451 1.178 0.451 1.613 0l10.113-10.113c0.451-0.436 0.451-1.162 0-1.596l-10.113-10.114z\"><\/path><\/svg><\/a><\/div>\n","protected":false},"author":1,"featured_media":0,"parent":0,"menu_order":0,"comment_status":"closed","ping_status":"closed","template":"","meta":{"footnotes":""},"class_list":["post-738","page","type-page","status-publish","hentry"],"yoast_head":"<!-- This site is optimized with the Yoast SEO plugin v26.9 - https:\/\/yoast.com\/product\/yoast-seo-wordpress\/ -->\n<title>Contactar dermat\u00f3logo laser Barcelona y Andorra<\/title>\n<meta name=\"robots\" content=\"index, follow, max-snippet:-1, max-image-preview:large, max-video-preview:-1\" \/>\n<link rel=\"canonical\" href=\"https:\/\/dermatologolaser.com\/contacte-dermatoleg-laser\/\" \/>\n<meta property=\"og:locale\" content=\"es_ES\" \/>\n<meta property=\"og:type\" content=\"article\" \/>\n<meta property=\"og:title\" content=\"Contactar dermat\u00f3logo laser Barcelona y Andorra\" \/>\n<meta property=\"og:description\" content=\"[vc_row][vc_column][vc_column_text] Pida cita en uno de los centros donde visito. [\/vc_column_text][vc_empty_space height=\u00bb60px\u00bb][\/vc_column][\/vc_row][vc_row][vc_column width=\u00bb1\/2&#8243;][vc_column_text] Barcelona [\/vc_column_text][vc_empty_space height=\u00bb52px\u00bb][vc_column_text] Centro M\u00e9dico Teknon. Calle de Vilana, 12, 08022 Barcelona 93 393 31 27 93 393 31 65 www.lopezgil.com [\/vc_column_text][vc_empty_space][vc_gmaps link=\u00bb#E-8_JTNDaWZyYW1lJTIwc3JjJTNEJTIyaHR0cHMlM0ElMkYlMkZ3d3cuZ29vZ2xlLmNvbSUyRm1hcHMlMkZlbWJlZCUzRnBiJTNEJTIxMW0xOCUyMTFtMTIlMjExbTMlMjExZDI5OTIuNTA0NjAxMjQxODE2NSUyMTJkMi4xMjUxNjY3MTU0MjYzNzklMjEzZDQxLjQwNjU2Mzc3OTI2MjUwNSUyMTJtMyUyMTFmMCUyMTJmMCUyMTNmMCUyMTNtMiUyMTFpMTAyNCUyMTJpNzY4JTIxNGYxMy4xJTIxM20zJTIxMW0yJTIxMXMweDEyYTQ5ODE0NDdmOTZkNzklMjUzQTB4YjgxNDY2N2VkMzQ2MDBhJTIxMnNDZW50cm8lMjUyME0lMjVDMyUyNUE5ZGljbyUyNTIwVGVrbm9uJTIxNWUwJTIxM20yJTIxMXNlcyUyMTJzZXMlMjE0djE1Nzk5OTE3MjcxNjIlMjE1bTIlMjExc2VzJTIxMnNlcyUyMiUyMHdpZHRoJTNEJTIyNjAwJTIyJTIwaGVpZ2h0JTNEJTIyNDUwJTIyJTIwZnJhbWVib3JkZXIlM0QlMjIwJTIyJTIwc3R5bGUlM0QlMjJib3JkZXIlM0EwJTNCJTIyJTIwYWxsb3dmdWxsc2NyZWVuJTNEJTIyJTIyJTNFJTNDJTJGaWZyYW1lJTNF\u00bb][\/vc_column][vc_column width=\u00bb1\/2&#8243;][vc_column_text] Andorra [\/vc_column_text][vc_empty_space height=\u00bb52px\u00bb][vc_column_text] DermAndTek Avda. Esteve Albert, 17 local 2 AD700 Escaldes-Engordany, Andorra +376 886 100 www.dermatologiaandorra.com [\/vc_column_text][vc_empty_space][vc_gmaps Read More &quot;Contacto&quot;\" \/>\n<meta property=\"og:url\" content=\"https:\/\/dermatologolaser.com\/contacte-dermatoleg-laser\/\" \/>\n<meta property=\"og:site_name\" content=\"Dr. Albert Brugu\u00e9s\" \/>\n<meta property=\"article:modified_time\" content=\"2020-03-20T16:10:07+00:00\" \/>\n<meta name=\"twitter:card\" content=\"summary_large_image\" \/>\n<meta name=\"twitter:label1\" content=\"Tiempo de lectura\" \/>\n\t<meta name=\"twitter:data1\" content=\"2 minutos\" \/>\n<script type=\"application\/ld+json\" class=\"yoast-schema-graph\">{\"@context\":\"https:\/\/schema.org\",\"@graph\":[{\"@type\":\"WebPage\",\"@id\":\"https:\/\/dermatologolaser.com\/contacte-dermatoleg-laser\/\",\"url\":\"https:\/\/dermatologolaser.com\/contacte-dermatoleg-laser\/\",\"name\":\"Contactar dermat\u00f3logo laser Barcelona y Andorra\",\"isPartOf\":{\"@id\":\"https:\/\/dermatologolaser.com\/#website\"},\"datePublished\":\"2019-12-26T21:54:16+00:00\",\"dateModified\":\"2020-03-20T16:10:07+00:00\",\"breadcrumb\":{\"@id\":\"https:\/\/dermatologolaser.com\/contacte-dermatoleg-laser\/#breadcrumb\"},\"inLanguage\":\"es\",\"potentialAction\":[{\"@type\":\"ReadAction\",\"target\":[\"https:\/\/dermatologolaser.com\/contacte-dermatoleg-laser\/\"]}]},{\"@type\":\"BreadcrumbList\",\"@id\":\"https:\/\/dermatologolaser.com\/contacte-dermatoleg-laser\/#breadcrumb\",\"itemListElement\":[{\"@type\":\"ListItem\",\"position\":1,\"name\":\"Inici\",\"item\":\"https:\/\/dermatologolaser.com\/\"},{\"@type\":\"ListItem\",\"position\":2,\"name\":\"Contacto\"}]},{\"@type\":\"WebSite\",\"@id\":\"https:\/\/dermatologolaser.com\/#website\",\"url\":\"https:\/\/dermatologolaser.com\/\",\"name\":\"Dr. Albert Brugu\u00e9s\",\"description\":\"Dermatologo en Barcelona y Andorra\",\"publisher\":{\"@id\":\"https:\/\/dermatologolaser.com\/#organization\"},\"potentialAction\":[{\"@type\":\"SearchAction\",\"target\":{\"@type\":\"EntryPoint\",\"urlTemplate\":\"https:\/\/dermatologolaser.com\/?s={search_term_string}\"},\"query-input\":{\"@type\":\"PropertyValueSpecification\",\"valueRequired\":true,\"valueName\":\"search_term_string\"}}],\"inLanguage\":\"es\"},{\"@type\":\"Organization\",\"@id\":\"https:\/\/dermatologolaser.com\/#organization\",\"name\":\"Dr. Albert Brugu\u00e9s\",\"url\":\"https:\/\/dermatologolaser.com\/\",\"logo\":{\"@type\":\"ImageObject\",\"inLanguage\":\"es\",\"@id\":\"https:\/\/dermatologolaser.com\/#\/schema\/logo\/image\/\",\"url\":\"https:\/\/dermatologolaser.com\/wp-content\/uploads\/2020\/01\/cropped-logo_blau-1.png\",\"contentUrl\":\"https:\/\/dermatologolaser.com\/wp-content\/uploads\/2020\/01\/cropped-logo_blau-1.png\",\"width\":1000,\"height\":250,\"caption\":\"Dr. Albert Brugu\u00e9s\"},\"image\":{\"@id\":\"https:\/\/dermatologolaser.com\/#\/schema\/logo\/image\/\"}}]}<\/script>\n<!-- \/ Yoast SEO plugin. -->","yoast_head_json":{"title":"Contactar dermat\u00f3logo laser Barcelona y Andorra","robots":{"index":"index","follow":"follow","max-snippet":"max-snippet:-1","max-image-preview":"max-image-preview:large","max-video-preview":"max-video-preview:-1"},"canonical":"https:\/\/dermatologolaser.com\/contacte-dermatoleg-laser\/","og_locale":"es_ES","og_type":"article","og_title":"Contactar dermat\u00f3logo laser Barcelona y Andorra","og_description":"[vc_row][vc_column][vc_column_text] Pida cita en uno de los centros donde visito. [\/vc_column_text][vc_empty_space height=\u00bb60px\u00bb][\/vc_column][\/vc_row][vc_row][vc_column width=\u00bb1\/2&#8243;][vc_column_text] Barcelona [\/vc_column_text][vc_empty_space height=\u00bb52px\u00bb][vc_column_text] Centro M\u00e9dico Teknon. Calle de Vilana, 12, 08022 Barcelona 93 393 31 27 93 393 31 65 www.lopezgil.com [\/vc_column_text][vc_empty_space][vc_gmaps link=\u00bb#E-8_JTNDaWZyYW1lJTIwc3JjJTNEJTIyaHR0cHMlM0ElMkYlMkZ3d3cuZ29vZ2xlLmNvbSUyRm1hcHMlMkZlbWJlZCUzRnBiJTNEJTIxMW0xOCUyMTFtMTIlMjExbTMlMjExZDI5OTIuNTA0NjAxMjQxODE2NSUyMTJkMi4xMjUxNjY3MTU0MjYzNzklMjEzZDQxLjQwNjU2Mzc3OTI2MjUwNSUyMTJtMyUyMTFmMCUyMTJmMCUyMTNmMCUyMTNtMiUyMTFpMTAyNCUyMTJpNzY4JTIxNGYxMy4xJTIxM20zJTIxMW0yJTIxMXMweDEyYTQ5ODE0NDdmOTZkNzklMjUzQTB4YjgxNDY2N2VkMzQ2MDBhJTIxMnNDZW50cm8lMjUyME0lMjVDMyUyNUE5ZGljbyUyNTIwVGVrbm9uJTIxNWUwJTIxM20yJTIxMXNlcyUyMTJzZXMlMjE0djE1Nzk5OTE3MjcxNjIlMjE1bTIlMjExc2VzJTIxMnNlcyUyMiUyMHdpZHRoJTNEJTIyNjAwJTIyJTIwaGVpZ2h0JTNEJTIyNDUwJTIyJTIwZnJhbWVib3JkZXIlM0QlMjIwJTIyJTIwc3R5bGUlM0QlMjJib3JkZXIlM0EwJTNCJTIyJTIwYWxsb3dmdWxsc2NyZWVuJTNEJTIyJTIyJTNFJTNDJTJGaWZyYW1lJTNF\u00bb][\/vc_column][vc_column width=\u00bb1\/2&#8243;][vc_column_text] Andorra [\/vc_column_text][vc_empty_space height=\u00bb52px\u00bb][vc_column_text] DermAndTek Avda. Esteve Albert, 17 local 2 AD700 Escaldes-Engordany, Andorra +376 886 100 www.dermatologiaandorra.com [\/vc_column_text][vc_empty_space][vc_gmaps Read More \"Contacto\"","og_url":"https:\/\/dermatologolaser.com\/contacte-dermatoleg-laser\/","og_site_name":"Dr. Albert Brugu\u00e9s","article_modified_time":"2020-03-20T16:10:07+00:00","twitter_card":"summary_large_image","twitter_misc":{"Tiempo de lectura":"2 minutos"},"schema":{"@context":"https:\/\/schema.org","@graph":[{"@type":"WebPage","@id":"https:\/\/dermatologolaser.com\/contacte-dermatoleg-laser\/","url":"https:\/\/dermatologolaser.com\/contacte-dermatoleg-laser\/","name":"Contactar dermat\u00f3logo laser Barcelona y Andorra","isPartOf":{"@id":"https:\/\/dermatologolaser.com\/#website"},"datePublished":"2019-12-26T21:54:16+00:00","dateModified":"2020-03-20T16:10:07+00:00","breadcrumb":{"@id":"https:\/\/dermatologolaser.com\/contacte-dermatoleg-laser\/#breadcrumb"},"inLanguage":"es","potentialAction":[{"@type":"ReadAction","target":["https:\/\/dermatologolaser.com\/contacte-dermatoleg-laser\/"]}]},{"@type":"BreadcrumbList","@id":"https:\/\/dermatologolaser.com\/contacte-dermatoleg-laser\/#breadcrumb","itemListElement":[{"@type":"ListItem","position":1,"name":"Inici","item":"https:\/\/dermatologolaser.com\/"},{"@type":"ListItem","position":2,"name":"Contacto"}]},{"@type":"WebSite","@id":"https:\/\/dermatologolaser.com\/#website","url":"https:\/\/dermatologolaser.com\/","name":"Dr. Albert Brugu\u00e9s","description":"Dermatologo en Barcelona y Andorra","publisher":{"@id":"https:\/\/dermatologolaser.com\/#organization"},"potentialAction":[{"@type":"SearchAction","target":{"@type":"EntryPoint","urlTemplate":"https:\/\/dermatologolaser.com\/?s={search_term_string}"},"query-input":{"@type":"PropertyValueSpecification","valueRequired":true,"valueName":"search_term_string"}}],"inLanguage":"es"},{"@type":"Organization","@id":"https:\/\/dermatologolaser.com\/#organization","name":"Dr. Albert Brugu\u00e9s","url":"https:\/\/dermatologolaser.com\/","logo":{"@type":"ImageObject","inLanguage":"es","@id":"https:\/\/dermatologolaser.com\/#\/schema\/logo\/image\/","url":"https:\/\/dermatologolaser.com\/wp-content\/uploads\/2020\/01\/cropped-logo_blau-1.png","contentUrl":"https:\/\/dermatologolaser.com\/wp-content\/uploads\/2020\/01\/cropped-logo_blau-1.png","width":1000,"height":250,"caption":"Dr. Albert Brugu\u00e9s"},"image":{"@id":"https:\/\/dermatologolaser.com\/#\/schema\/logo\/image\/"}}]}},"_links":{"self":[{"href":"https:\/\/dermatologolaser.com\/es\/wp-json\/wp\/v2\/pages\/738","targetHints":{"allow":["GET"]}}],"collection":[{"href":"https:\/\/dermatologolaser.com\/es\/wp-json\/wp\/v2\/pages"}],"about":[{"href":"https:\/\/dermatologolaser.com\/es\/wp-json\/wp\/v2\/types\/page"}],"author":[{"embeddable":true,"href":"https:\/\/dermatologolaser.com\/es\/wp-json\/wp\/v2\/users\/1"}],"replies":[{"embeddable":true,"href":"https:\/\/dermatologolaser.com\/es\/wp-json\/wp\/v2\/comments?post=738"}],"version-history":[{"count":4,"href":"https:\/\/dermatologolaser.com\/es\/wp-json\/wp\/v2\/pages\/738\/revisions"}],"predecessor-version":[{"id":864,"href":"https:\/\/dermatologolaser.com\/es\/wp-json\/wp\/v2\/pages\/738\/revisions\/864"}],"wp:attachment":[{"href":"https:\/\/dermatologolaser.com\/es\/wp-json\/wp\/v2\/media?parent=738"}],"curies":[{"name":"wp","href":"https:\/\/api.w.org\/{rel}","templated":true}]}}